{"id":3251,"date":"2023-01-24T10:56:40","date_gmt":"2023-01-24T09:56:40","guid":{"rendered":"https:\/\/sauma.bio\/?page_id=3251"},"modified":"2025-10-27T12:00:01","modified_gmt":"2025-10-27T11:00:01","slug":"accessoires","status":"publish","type":"page","link":"https:\/\/sauma.bio\/accessoires\/","title":{"rendered":"Accessoires"},"content":{"rendered":"\t\t<div data-elementor-type=\"wp-page\" data-elementor-id=\"3251\" class=\"elementor elementor-3251\" data-elementor-settings=\"[]\">\n\t\t\t\t\t\t<div class=\"elementor-inner\">\n\t\t\t\t\t\t\t<div class=\"elementor-section-wrap\">\n\t\t\t\t\t\t\t<section class=\"elementor-section elementor-top-section elementor-element elementor-element-1911d53 elementor-section-full_width elementor-section-stretched elementor-section-height-min-height elementor-section-height-default elementor-section-items-middle\" data-id=\"1911d53\" data-element_type=\"section\" data-settings=\"{&quot;stretch_section&quot;:&quot;section-stretched&quot;,&quot;background_background&quot;:&quot;classic&quot;}\">\n\t\t\t\t\t\t\t<div class=\"elementor-background-overlay\"><\/div>\n\t\t\t\t\t\t\t<div class=\"elementor-container elementor-column-gap-no\">\n\t\t\t\t\t\t\t<div class=\"elementor-row\">\n\t\t\t\t\t<div class=\"elementor-column elementor-col-100 elementor-top-column elementor-element elementor-element-935a449\" data-id=\"935a449\" data-element_type=\"column\">\n\t\t\t<div class=\"elementor-column-wrap elementor-element-populated\">\n\t\t\t\t\t\t\t<div class=\"elementor-widget-wrap\">\n\t\t\t\t\t\t\t\t<\/div>\n\t\t\t\t\t<\/div>\n\t\t<\/div>\n\t\t\t\t\t\t\t\t<\/div>\n\t\t\t\t\t<\/div>\n\t\t<\/section>\n\t\t\t\t<section class=\"elementor-section elementor-top-section elementor-element elementor-element-536689a elementor-section-height-min-height elementor-section-stretched elementor-section-boxed elementor-section-height-default elementor-section-items-middle\" data-id=\"536689a\" data-element_type=\"section\" data-settings=\"{&quot;stretch_section&quot;:&quot;section-stretched&quot;,&quot;background_background&quot;:&quot;classic&quot;,&quot;shape_divider_bottom&quot;:&quot;waves&quot;,&quot;shape_divider_bottom_negative&quot;:&quot;yes&quot;}\">\n\t\t\t\t\t<div class=\"elementor-shape elementor-shape-bottom\" data-negative=\"true\">\n\t\t\t<svg xmlns=\"http:\/\/www.w3.org\/2000\/svg\" viewBox=\"0 0 1000 100\" preserveAspectRatio=\"none\">\n\t<path class=\"elementor-shape-fill\" d=\"M790.5,93.1c-59.3-5.3-116.8-18-192.6-50c-29.6-12.7-76.9-31-100.5-35.9c-23.6-4.9-52.6-7.8-75.5-5.3\n\tc-10.2,1.1-22.6,1.4-50.1,7.4c-27.2,6.3-58.2,16.6-79.4,24.7c-41.3,15.9-94.9,21.9-134,22.6C72,58.2,0,25.8,0,25.8V100h1000V65.3\n\tc0,0-51.5,19.4-106.2,25.7C839.5,97,814.1,95.2,790.5,93.1z\"\/>\n<\/svg>\t\t<\/div>\n\t\t\t\t\t<div class=\"elementor-container elementor-column-gap-default\">\n\t\t\t\t\t\t\t<div class=\"elementor-row\">\n\t\t\t\t\t<div class=\"elementor-column elementor-col-100 elementor-top-column elementor-element elementor-element-decbf11\" data-id=\"decbf11\" data-element_type=\"column\">\n\t\t\t<div class=\"elementor-column-wrap elementor-element-populated\">\n\t\t\t\t\t\t\t<div class=\"elementor-widget-wrap\">\n\t\t\t\t\t\t<div class=\"elementor-element elementor-element-71013df animated-slow elementor-invisible elementor-widget elementor-widget-heading\" data-id=\"71013df\" data-element_type=\"widget\" data-settings=\"{&quot;_animation&quot;:&quot;fadeIn&quot;}\" data-widget_type=\"heading.default\">\n\t\t\t\t<div class=\"elementor-widget-container\">\n\t\t\t<h2 class=\"elementor-heading-title elementor-size-default\">Accessoires de salle de bain : porte-savons et pochon<\/h2>\t\t<\/div>\n\t\t\t\t<\/div>\n\t\t\t\t<div class=\"elementor-element elementor-element-d7c620f elementor-widget elementor-widget-text-editor\" data-id=\"d7c620f\" data-element_type=\"widget\" data-widget_type=\"text-editor.default\">\n\t\t\t\t<div class=\"elementor-widget-container\">\n\t\t\t\t\t\t\t\t<div class=\"elementor-text-editor elementor-clearfix\">\n\t\t\t\t<p>D\u00e9couvrez notre s\u00e9lection d\u2019accessoires con\u00e7us pour accompagner <a href=\"https:\/\/sauma.bio\/savon-lait-anesse\/\" title=\"Voir nos savons au lait d\u2019\u00e2nesse bio\"><span style=\"text-decoration: underline;\"><strong>vos savons au lait d\u2019\u00e2nesse<\/strong><\/span><\/a> : <strong>porte-savons aimant\u00e9s<\/strong>, <strong>pochons en coton<\/strong> et autres essentiels pour votre salle de bain. Le <a href=\"https:\/\/sauma.bio\/produit\/porte-savon-aimante-chamarrel\/\"><strong><span style=\"text-decoration: underline;\">porte-savon<\/span><\/strong><\/a> magn\u00e9tique est l\u2019accessoire id\u00e9al pour prolonger la dur\u00e9e de vie de vos <strong>savons solides<\/strong> et pr\u00e9server leur qualit\u00e9. Fid\u00e8le \u00e0 nos valeurs, notre marque de <a href=\"https:\/\/sauma.bio\/\"><span style=\"text-decoration: underline;\"><strong>cosm\u00e9tiques au lait d\u2019\u00e2nesse bio<\/strong><\/span><\/a> s\u00e9lectionne des produits durables, \u00e9cologiques et z\u00e9ro d\u00e9chet aupr\u00e8s de partenaires de confiance.<\/p>\t\t\t\t\t<\/div>\n\t\t\t\t\t\t<\/div>\n\t\t\t\t<\/div>\n\t\t\t\t\t\t<\/div>\n\t\t\t\t\t<\/div>\n\t\t<\/div>\n\t\t\t\t\t\t\t\t<\/div>\n\t\t\t\t\t<\/div>\n\t\t<\/section>\n\t\t\t\t<section class=\"elementor-section elementor-top-section elementor-element elementor-element-ff1ad1b elementor-section-stretched elementor-section-boxed elementor-section-height-default elementor-section-height-default\" data-id=\"ff1ad1b\" data-element_type=\"section\" data-settings=\"{&quot;stretch_section&quot;:&quot;section-stretched&quot;,&quot;background_background&quot;:&quot;classic&quot;}\">\n\t\t\t\t\t\t<div class=\"elementor-container elementor-column-gap-default\">\n\t\t\t\t\t\t\t<div class=\"elementor-row\">\n\t\t\t\t\t<div class=\"elementor-column elementor-col-100 elementor-top-column elementor-element elementor-element-a024974\" data-id=\"a024974\" data-element_type=\"column\">\n\t\t\t<div class=\"elementor-column-wrap elementor-element-populated\">\n\t\t\t\t\t\t\t<div class=\"elementor-widget-wrap\">\n\t\t\t\t\t\t<div class=\"elementor-element elementor-element-10d8fe9 eael-product-grid-column-5 elementor-widget elementor-widget-eicon-woocommerce\" data-id=\"10d8fe9\" data-element_type=\"widget\" data-widget_type=\"eicon-woocommerce.default\">\n\t\t\t\t<div class=\"elementor-widget-container\">\n\t\t\t\n        <div class=\"eael-product-grid eael-product-default grid\" id=\"eael-product-grid\" data-widget-id=\"10d8fe9\" data-page-id=\"3251\" data-nonce=\"26d30e6714\" >\n            <div class=\"woocommerce\">\n                <ul class=\"products\" data-layout-mode=\"grid\"><li class=\"product type-product post-3270 status-publish first instock product_cat-accessoires product_cat-savons has-post-thumbnail taxable shipping-taxable purchasable product-type-simple\">\n\t<a href=\"https:\/\/sauma.bio\/produit\/porte-savon-aimante-chamarrel\/\" class=\"woocommerce-LoopProduct-link woocommerce-loop-product__link\"><img loading=\"lazy\" decoding=\"async\" width=\"360\" height=\"240\" src=\"https:\/\/sauma.bio\/wp-content\/uploads\/2023\/01\/Sauma-0418-360x240.jpg\" class=\"attachment-hestia-blog size-hestia-blog\" alt=\"Porte-savon aimant\u00e9 Chamarrel\" \/><h2 class=\"woocommerce-loop-product__title\">Porte-savon aimant\u00e9 Chamarrel<\/h2>\n\t<span class=\"price\"><span class=\"woocommerce-Price-amount amount\"><bdi>7,00&nbsp;<span class=\"woocommerce-Price-currencySymbol\">&euro;<\/span><\/bdi><\/span><\/span>\n<\/a><a href=\"\/nov-apijson\/wp\/v2\/pages\/3251?add-to-cart=3270\" aria-describedby=\"woocommerce_loop_add_to_cart_link_describedby_3270\" data-quantity=\"1\" class=\"button product_type_simple add_to_cart_button ajax_add_to_cart\" data-product_id=\"3270\" data-product_sku=\"\" aria-label=\"Ajouter au panier\u00a0: &ldquo;Porte-savon aimant\u00e9 Chamarrel&rdquo;\" rel=\"nofollow\" data-success_message=\"\u00ab\u00a0Porte-savon aimant\u00e9 Chamarrel\u00a0\u00bb a \u00e9t\u00e9 ajout\u00e9 \u00e0 votre panier\" role=\"button\">Ajouter au panier<\/a>\t<span id=\"woocommerce_loop_add_to_cart_link_describedby_3270\" class=\"screen-reader-text\">\n\t\t\t<\/span>\n<\/li>\n<\/ul>            <\/div>\n        <\/div>\n\n        <script type=\"text\/javascript\">\n            jQuery(document).ready(function($) {\n                var $scope = jQuery(\".elementor-element-10d8fe9\");\n                var $products = $('.products', $scope);\n                var $layout_mode = $products.data('layout-mode');\n                \n                if ( $layout_mode === 'masonry' ) {\n                    \/\/ init isotope\n                    var $isotope_products = $products.isotope({\n                        itemSelector: \"li.product\",\n                        layoutMode: $layout_mode,\n                        percentPosition: true\n                    });\n\n                    $isotope_products.imagesLoaded().progress( function() {\n                        $isotope_products.isotope('layout');\n                    })\n\n                    $(window).on('resize', function() {\n                        $isotope_products.isotope('layout');\n                    });\n                }\n            });\n        <\/script>\n        \t\t<\/div>\n\t\t\t\t<\/div>\n\t\t\t\t\t\t<\/div>\n\t\t\t\t\t<\/div>\n\t\t<\/div>\n\t\t\t\t\t\t\t\t<\/div>\n\t\t\t\t\t<\/div>\n\t\t<\/section>\n\t\t\t\t<section class=\"elementor-section elementor-top-section elementor-element elementor-element-8425dc7 elementor-section-stretched elementor-section-boxed elementor-section-height-default elementor-section-height-default\" data-id=\"8425dc7\" data-element_type=\"section\" data-settings=\"{&quot;stretch_section&quot;:&quot;section-stretched&quot;,&quot;background_background&quot;:&quot;classic&quot;,&quot;shape_divider_top&quot;:&quot;waves&quot;,&quot;shape_divider_top_negative&quot;:&quot;yes&quot;}\">\n\t\t\t\t\t<div class=\"elementor-shape elementor-shape-top\" data-negative=\"true\">\n\t\t\t<svg xmlns=\"http:\/\/www.w3.org\/2000\/svg\" viewBox=\"0 0 1000 100\" preserveAspectRatio=\"none\">\n\t<path class=\"elementor-shape-fill\" d=\"M790.5,93.1c-59.3-5.3-116.8-18-192.6-50c-29.6-12.7-76.9-31-100.5-35.9c-23.6-4.9-52.6-7.8-75.5-5.3\n\tc-10.2,1.1-22.6,1.4-50.1,7.4c-27.2,6.3-58.2,16.6-79.4,24.7c-41.3,15.9-94.9,21.9-134,22.6C72,58.2,0,25.8,0,25.8V100h1000V65.3\n\tc0,0-51.5,19.4-106.2,25.7C839.5,97,814.1,95.2,790.5,93.1z\"\/>\n<\/svg>\t\t<\/div>\n\t\t\t\t\t<div class=\"elementor-container elementor-column-gap-default\">\n\t\t\t\t\t\t\t<div class=\"elementor-row\">\n\t\t\t\t\t<div class=\"elementor-column elementor-col-100 elementor-top-column elementor-element elementor-element-329aebc\" data-id=\"329aebc\" data-element_type=\"column\">\n\t\t\t<div class=\"elementor-column-wrap elementor-element-populated\">\n\t\t\t\t\t\t\t<div class=\"elementor-widget-wrap\">\n\t\t\t\t\t\t<div class=\"elementor-element elementor-element-d32b0cc elementor-widget elementor-widget-text-editor\" data-id=\"d32b0cc\" data-element_type=\"widget\" data-widget_type=\"text-editor.default\">\n\t\t\t\t<div class=\"elementor-widget-container\">\n\t\t\t\t\t\t\t\t<div class=\"elementor-text-editor elementor-clearfix\">\n\t\t\t\t<p>N\u2019h\u00e9sitez pas \u00e0 <a href=\"https:\/\/sauma.bio\/contact\/\" title=\"Contact\"><strong>nous contacter<\/strong> <\/a>au <a href=\"tel:0785255438\"><strong>07.85.25.54.38 <\/strong><\/a>pour en savoir plus sur notre gamme d\u2019accessoires pour savon.<\/p>\t\t\t\t\t<\/div>\n\t\t\t\t\t\t<\/div>\n\t\t\t\t<\/div>\n\t\t\t\t\t\t<\/div>\n\t\t\t\t\t<\/div>\n\t\t<\/div>\n\t\t\t\t\t\t\t\t<\/div>\n\t\t\t\t\t<\/div>\n\t\t<\/section>\n\t\t\t\t\t\t<\/div>\n\t\t\t\t\t\t<\/div>\n\t\t\t\t\t<\/div>\n\t\t","protected":false},"excerpt":{"rendered":"<p>Achetez en ligne vos porte-savons, pochons et autres accessoires pour salle de bain D\u00e9couvrez notre s\u00e9lection d\u2019accessoires con\u00e7us pour accompagner vos savons au lait d\u2019\u00e2nesse : porte-savons aimant\u00e9s, pochons en coton et autres essentiels pour votre salle de bain. Le porte-savon magn\u00e9tique est l\u2019accessoire id\u00e9al pour prolonger la dur\u00e9e de [&hellip;]<\/p>\n","protected":false},"author":40,"featured_media":0,"parent":0,"menu_order":0,"comment_status":"closed","ping_status":"closed","template":"page-templates\/template-pagebuilder-full-width.php","meta":{"_acf_changed":false,"footnotes":""},"class_list":["post-3251","page","type-page","status-publish","hentry"],"acf":[],"aioseo_notices":[],"aioseo_head":"\n\t\t<!-- All in One SEO Pro 4.9.6.2 - aioseo.com -->\n\t<meta name=\"description\" content=\"Porte-savon aimant\u00e9 Chamarrel, fabrication fran\u00e7aise. S\u00e9curise et fait s\u00e9cher vos savons solides rapidement, sans per\u00e7age ni collage.\" \/>\n\t<meta name=\"robots\" content=\"max-snippet:-1, max-image-preview:large, max-video-preview:-1\" \/>\n\t<meta name=\"google-site-verification\" content=\"xPku4beK6WDWi9rkdFoifomWtYPA0UBVsrA4muNTjZM\" \/>\n\t<link rel=\"canonical\" href=\"https:\/\/sauma.bio\/produit\/porte-savon-aimante-chamarrel\/\" \/>\n\t<meta name=\"generator\" content=\"All in One SEO Pro (AIOSEO) 4.9.6.2\" \/>\n\n\t\t<!-- Global site tag (gtag.js) - Google Analytics -->\n<script async src=\"https:\/\/www.googletagmanager.com\/gtag\/js?id=G-095NGNVWLJ\"><\/script>\n<script>\n window.dataLayer = window.dataLayer || [];\n function gtag(){dataLayer.push(arguments);}\n gtag('js', new Date());\n\n gtag('config', 'G-095NGNVWLJ');\n<\/script>\n\t\t<meta property=\"og:locale\" content=\"fr_FR\" \/>\n\t\t<meta property=\"og:site_name\" content=\"NOWA\" \/>\n\t\t<meta property=\"og:type\" content=\"article\" \/>\n\t\t<meta property=\"og:title\" content=\"Porte-savon aimant\u00e9 Chamarrel \u2013 Fabrication Fran\u00e7aise\" \/>\n\t\t<meta property=\"og:description\" content=\"Porte-savon aimant\u00e9 Chamarrel, fabrication fran\u00e7aise. S\u00e9curise et fait s\u00e9cher vos savons solides rapidement, sans per\u00e7age ni collage.\" \/>\n\t\t<meta property=\"og:url\" content=\"https:\/\/sauma.bio\/produit\/porte-savon-aimante-chamarrel\/\" \/>\n\t\t<meta property=\"og:image\" content=\"https:\/\/sauma.bio\/wp-content\/uploads\/2023\/01\/Sauma-0418.jpg\" \/>\n\t\t<meta property=\"og:image:secure_url\" content=\"https:\/\/sauma.bio\/wp-content\/uploads\/2023\/01\/Sauma-0418.jpg\" \/>\n\t\t<meta property=\"og:image:width\" content=\"1024\" \/>\n\t\t<meta property=\"og:image:height\" content=\"1024\" \/>\n\t\t<meta property=\"article:published_time\" content=\"2023-01-24T10:25:40+00:00\" \/>\n\t\t<meta property=\"article:modified_time\" content=\"2025-11-14T16:10:55+00:00\" \/>\n\t\t<meta property=\"article:publisher\" content=\"https:\/\/www.facebook.com\/asineriedelescun#\" \/>\n\t\t<meta name=\"twitter:card\" content=\"summary\" \/>\n\t\t<meta name=\"twitter:title\" content=\"Porte-savon aimant\u00e9 Chamarrel \u2013 Fabrication Fran\u00e7aise\" \/>\n\t\t<meta name=\"twitter:description\" content=\"Porte-savon aimant\u00e9 Chamarrel, fabrication fran\u00e7aise. S\u00e9curise et fait s\u00e9cher vos savons solides rapidement, sans per\u00e7age ni collage.\" \/>\n\t\t<meta name=\"twitter:image\" content=\"https:\/\/sauma.bio\/wp-content\/uploads\/2023\/01\/Sauma-0418.jpg\" \/>\n\t\t<script type=\"application\/ld+json\" class=\"aioseo-schema\">\n\t\t\t{\"@context\":\"https:\\\/\\\/schema.org\",\"@graph\":[{\"@type\":\"BreadcrumbList\",\"@id\":\"https:\\\/\\\/sauma.bio\\\/produit\\\/porte-savon-aimante-chamarrel\\\/#breadcrumblist\",\"itemListElement\":[{\"@type\":\"ListItem\",\"@id\":\"https:\\\/\\\/sauma.bio#listItem\",\"position\":1,\"name\":\"Home\",\"item\":\"https:\\\/\\\/sauma.bio\",\"nextItem\":{\"@type\":\"ListItem\",\"@id\":\"https:\\\/\\\/sauma.bio\\\/accessoires\\\/#listItem\",\"name\":\"Accessoires\"}},{\"@type\":\"ListItem\",\"@id\":\"https:\\\/\\\/sauma.bio\\\/accessoires\\\/#listItem\",\"position\":2,\"name\":\"Accessoires\",\"previousItem\":{\"@type\":\"ListItem\",\"@id\":\"https:\\\/\\\/sauma.bio#listItem\",\"name\":\"Home\"}}]},{\"@type\":\"ItemPage\",\"@id\":\"https:\\\/\\\/sauma.bio\\\/produit\\\/porte-savon-aimante-chamarrel\\\/#itempage\",\"url\":\"https:\\\/\\\/sauma.bio\\\/produit\\\/porte-savon-aimante-chamarrel\\\/\",\"name\":\"Porte-savon aimant\\u00e9 Chamarrel \\u2013 Fabrication Fran\\u00e7aise\",\"description\":\"Porte-savon aimant\\u00e9 Chamarrel, fabrication fran\\u00e7aise. S\\u00e9curise et fait s\\u00e9cher vos savons solides rapidement, sans per\\u00e7age ni collage.\",\"inLanguage\":\"fr-FR\",\"isPartOf\":{\"@id\":\"https:\\\/\\\/sauma.bio\\\/#website\"},\"breadcrumb\":{\"@id\":\"https:\\\/\\\/sauma.bio\\\/produit\\\/porte-savon-aimante-chamarrel\\\/#breadcrumblist\"},\"image\":{\"@type\":\"ImageObject\",\"url\":\"https:\\\/\\\/sauma.bio\\\/wp-content\\\/uploads\\\/2023\\\/01\\\/Sauma-0418.jpg\",\"@id\":\"https:\\\/\\\/sauma.bio\\\/produit\\\/porte-savon-aimante-chamarrel\\\/#mainImage\",\"width\":1024,\"height\":1024},\"primaryImageOfPage\":{\"@id\":\"https:\\\/\\\/sauma.bio\\\/produit\\\/porte-savon-aimante-chamarrel\\\/#mainImage\"},\"datePublished\":\"2023-01-24T11:25:40+01:00\",\"dateModified\":\"2025-11-14T17:10:55+01:00\"},{\"@type\":\"Organization\",\"@id\":\"https:\\\/\\\/sauma.bio\\\/#organization\",\"name\":\"Sauma Cosm\\u00e9tiques au lait d\\u2019\\u00e2nesse bio\",\"description\":\"Sauma est avant tout notre asinerie sans laquelle ce projet n\\u2019aurait pas pu voir le jour. Nous mettons un point d\\u2019honneur \\u00e0 vous proposer des produits de qualit\\u00e9, enti\\u00e8rement fabriqu\\u00e9s en France dans le Sud-Ouest par une savonni\\u00e8re qualifi\\u00e9e.\",\"url\":\"https:\\\/\\\/sauma.bio\\\/\",\"telephone\":\"+33785255438\",\"logo\":{\"@type\":\"ImageObject\",\"url\":\"https:\\\/\\\/sauma.bio\\\/wp-content\\\/uploads\\\/2020\\\/02\\\/logof.png\",\"@id\":\"https:\\\/\\\/sauma.bio\\\/produit\\\/porte-savon-aimante-chamarrel\\\/#organizationLogo\",\"width\":239,\"height\":131},\"image\":{\"@id\":\"https:\\\/\\\/sauma.bio\\\/produit\\\/porte-savon-aimante-chamarrel\\\/#organizationLogo\"},\"sameAs\":[\"https:\\\/\\\/www.instagram.com\\\/asinerie_lescun\\\/\"]},{\"@type\":\"WebPage\",\"@id\":\"https:\\\/\\\/sauma.bio\\\/produit\\\/porte-savon-aimante-chamarrel\\\/#webpage\",\"url\":\"https:\\\/\\\/sauma.bio\\\/produit\\\/porte-savon-aimante-chamarrel\\\/\",\"name\":\"Porte-savon aimant\\u00e9 Chamarrel \\u2013 Fabrication Fran\\u00e7aise\",\"description\":\"Porte-savon aimant\\u00e9 Chamarrel, fabrication fran\\u00e7aise. S\\u00e9curise et fait s\\u00e9cher vos savons solides rapidement, sans per\\u00e7age ni collage.\",\"inLanguage\":\"fr-FR\",\"isPartOf\":{\"@id\":\"https:\\\/\\\/sauma.bio\\\/#website\"},\"breadcrumb\":{\"@id\":\"https:\\\/\\\/sauma.bio\\\/produit\\\/porte-savon-aimante-chamarrel\\\/#breadcrumblist\"},\"image\":{\"@type\":\"ImageObject\",\"url\":\"https:\\\/\\\/sauma.bio\\\/wp-content\\\/uploads\\\/2023\\\/01\\\/Sauma-0418.jpg\",\"@id\":\"https:\\\/\\\/sauma.bio\\\/produit\\\/porte-savon-aimante-chamarrel\\\/#mainImage\",\"width\":1024,\"height\":1024},\"primaryImageOfPage\":{\"@id\":\"https:\\\/\\\/sauma.bio\\\/produit\\\/porte-savon-aimante-chamarrel\\\/#mainImage\"},\"datePublished\":\"2023-01-24T11:25:40+01:00\",\"dateModified\":\"2025-11-14T17:10:55+01:00\"},{\"@type\":\"WebSite\",\"@id\":\"https:\\\/\\\/sauma.bio\\\/#website\",\"url\":\"https:\\\/\\\/sauma.bio\\\/\",\"name\":\"SAUMA BIO\",\"description\":\"SAUMA BIO\",\"inLanguage\":\"fr-FR\",\"publisher\":{\"@id\":\"https:\\\/\\\/sauma.bio\\\/#organization\"}}]}\n\t\t<\/script>\n\t\t<!-- All in One SEO Pro -->\r\n\t\t<title>Porte-savon aimant\u00e9 Chamarrel \u2013 Fabrication Fran\u00e7aise<\/title>\n\n","aioseo_head_json":{"title":"Porte-savon aimant\u00e9 Chamarrel \u2013 Fabrication Fran\u00e7aise","description":"Porte-savon aimant\u00e9 Chamarrel, fabrication fran\u00e7aise. S\u00e9curise et fait s\u00e9cher vos savons solides rapidement, sans per\u00e7age ni collage.","canonical_url":"https:\/\/sauma.bio\/produit\/porte-savon-aimante-chamarrel\/","robots":"max-snippet:-1, max-image-preview:large, max-video-preview:-1","keywords":"","webmasterTools":{"google-site-verification":"xPku4beK6WDWi9rkdFoifomWtYPA0UBVsrA4muNTjZM","miscellaneous":"&lt;!-- Global site tag (gtag.js) - Google Analytics --&gt;\n&lt;script async src=\"https:\/\/www.googletagmanager.com\/gtag\/js?id=G-095NGNVWLJ\"&gt;&lt;\/script&gt;\n&lt;script&gt;\n window.dataLayer = window.dataLayer || [];\n function gtag(){dataLayer.push(arguments);}\n gtag('js', new Date());\n\n gtag('config', 'G-095NGNVWLJ');\n&lt;\/script&gt;"},"schema":{"@context":"https:\/\/schema.org","@graph":[{"@type":"BreadcrumbList","@id":"https:\/\/sauma.bio\/produit\/porte-savon-aimante-chamarrel\/#breadcrumblist","itemListElement":[{"@type":"ListItem","@id":"https:\/\/sauma.bio#listItem","position":1,"name":"Home","item":"https:\/\/sauma.bio","nextItem":{"@type":"ListItem","@id":"https:\/\/sauma.bio\/accessoires\/#listItem","name":"Accessoires"}},{"@type":"ListItem","@id":"https:\/\/sauma.bio\/accessoires\/#listItem","position":2,"name":"Accessoires","previousItem":{"@type":"ListItem","@id":"https:\/\/sauma.bio#listItem","name":"Home"}}]},{"@type":"ItemPage","@id":"https:\/\/sauma.bio\/produit\/porte-savon-aimante-chamarrel\/#itempage","url":"https:\/\/sauma.bio\/produit\/porte-savon-aimante-chamarrel\/","name":"Porte-savon aimant\u00e9 Chamarrel \u2013 Fabrication Fran\u00e7aise","description":"Porte-savon aimant\u00e9 Chamarrel, fabrication fran\u00e7aise. S\u00e9curise et fait s\u00e9cher vos savons solides rapidement, sans per\u00e7age ni collage.","inLanguage":"fr-FR","isPartOf":{"@id":"https:\/\/sauma.bio\/#website"},"breadcrumb":{"@id":"https:\/\/sauma.bio\/produit\/porte-savon-aimante-chamarrel\/#breadcrumblist"},"image":{"@type":"ImageObject","url":"https:\/\/sauma.bio\/wp-content\/uploads\/2023\/01\/Sauma-0418.jpg","@id":"https:\/\/sauma.bio\/produit\/porte-savon-aimante-chamarrel\/#mainImage","width":1024,"height":1024},"primaryImageOfPage":{"@id":"https:\/\/sauma.bio\/produit\/porte-savon-aimante-chamarrel\/#mainImage"},"datePublished":"2023-01-24T11:25:40+01:00","dateModified":"2025-11-14T17:10:55+01:00"},{"@type":"Organization","@id":"https:\/\/sauma.bio\/#organization","name":"Sauma Cosm\u00e9tiques au lait d\u2019\u00e2nesse bio","description":"Sauma est avant tout notre asinerie sans laquelle ce projet n\u2019aurait pas pu voir le jour. Nous mettons un point d\u2019honneur \u00e0 vous proposer des produits de qualit\u00e9, enti\u00e8rement fabriqu\u00e9s en France dans le Sud-Ouest par une savonni\u00e8re qualifi\u00e9e.","url":"https:\/\/sauma.bio\/","telephone":"+33785255438","logo":{"@type":"ImageObject","url":"https:\/\/sauma.bio\/wp-content\/uploads\/2020\/02\/logof.png","@id":"https:\/\/sauma.bio\/produit\/porte-savon-aimante-chamarrel\/#organizationLogo","width":239,"height":131},"image":{"@id":"https:\/\/sauma.bio\/produit\/porte-savon-aimante-chamarrel\/#organizationLogo"},"sameAs":["https:\/\/www.instagram.com\/asinerie_lescun\/"]},{"@type":"WebPage","@id":"https:\/\/sauma.bio\/produit\/porte-savon-aimante-chamarrel\/#webpage","url":"https:\/\/sauma.bio\/produit\/porte-savon-aimante-chamarrel\/","name":"Porte-savon aimant\u00e9 Chamarrel \u2013 Fabrication Fran\u00e7aise","description":"Porte-savon aimant\u00e9 Chamarrel, fabrication fran\u00e7aise. S\u00e9curise et fait s\u00e9cher vos savons solides rapidement, sans per\u00e7age ni collage.","inLanguage":"fr-FR","isPartOf":{"@id":"https:\/\/sauma.bio\/#website"},"breadcrumb":{"@id":"https:\/\/sauma.bio\/produit\/porte-savon-aimante-chamarrel\/#breadcrumblist"},"image":{"@type":"ImageObject","url":"https:\/\/sauma.bio\/wp-content\/uploads\/2023\/01\/Sauma-0418.jpg","@id":"https:\/\/sauma.bio\/produit\/porte-savon-aimante-chamarrel\/#mainImage","width":1024,"height":1024},"primaryImageOfPage":{"@id":"https:\/\/sauma.bio\/produit\/porte-savon-aimante-chamarrel\/#mainImage"},"datePublished":"2023-01-24T11:25:40+01:00","dateModified":"2025-11-14T17:10:55+01:00"},{"@type":"WebSite","@id":"https:\/\/sauma.bio\/#website","url":"https:\/\/sauma.bio\/","name":"SAUMA BIO","description":"SAUMA BIO","inLanguage":"fr-FR","publisher":{"@id":"https:\/\/sauma.bio\/#organization"}}]},"og:locale":"fr_FR","og:site_name":"NOWA","og:type":"article","og:title":"Porte-savon aimant\u00e9 Chamarrel \u2013 Fabrication Fran\u00e7aise","og:description":"Porte-savon aimant\u00e9 Chamarrel, fabrication fran\u00e7aise. S\u00e9curise et fait s\u00e9cher vos savons solides rapidement, sans per\u00e7age ni collage.","og:url":"https:\/\/sauma.bio\/produit\/porte-savon-aimante-chamarrel\/","og:image":"https:\/\/sauma.bio\/wp-content\/uploads\/2023\/01\/Sauma-0418.jpg","og:image:secure_url":"https:\/\/sauma.bio\/wp-content\/uploads\/2023\/01\/Sauma-0418.jpg","og:image:width":1024,"og:image:height":1024,"article:published_time":"2023-01-24T10:25:40+00:00","article:modified_time":"2025-11-14T16:10:55+00:00","article:publisher":"https:\/\/www.facebook.com\/asineriedelescun#","twitter:card":"summary","twitter:title":"Porte-savon aimant\u00e9 Chamarrel \u2013 Fabrication Fran\u00e7aise","twitter:description":"Porte-savon aimant\u00e9 Chamarrel, fabrication fran\u00e7aise. S\u00e9curise et fait s\u00e9cher vos savons solides rapidement, sans per\u00e7age ni collage.","twitter:image":"https:\/\/sauma.bio\/wp-content\/uploads\/2023\/01\/Sauma-0418.jpg"},"aioseo_meta_data":{"post_id":"3251","title":"Porte-savon aimant\u00e9 &amp; pochon savon artisanal | Sauma Bio","description":"D\u00e9couvrez les accessoires Sauma Bio : porte-savon aimant\u00e9, pochon naturel et solutions z\u00e9ro d\u00e9chet pour vos savons au lait d\u2019\u00e2nesse bio.","keywords":null,"keyphrases":{"focus":{"keyphrase":"","score":0,"analysis":{"keyphraseInTitle":{"score":0,"maxScore":9,"error":1}}},"additional":[]},"primary_term":null,"canonical_url":null,"og_title":null,"og_description":null,"og_object_type":"default","og_image_type":"default","og_image_url":null,"og_image_width":null,"og_image_height":null,"og_image_custom_url":null,"og_image_custom_fields":null,"og_video":"","og_custom_url":null,"og_article_section":null,"og_article_tags":null,"twitter_use_og":false,"twitter_card":"default","twitter_image_type":"default","twitter_image_url":null,"twitter_image_custom_url":null,"twitter_image_custom_fields":null,"twitter_title":null,"twitter_description":null,"schema":{"blockGraphs":[],"customGraphs":[],"default":{"data":{"Article":[],"Course":[],"Dataset":[],"FAQPage":[],"Movie":[],"Person":[],"Product":[],"ProductReview":[],"Car":[],"Recipe":[],"Service":[],"SoftwareApplication":[],"WebPage":[]},"graphName":"WebPage","isEnabled":true},"graphs":[]},"schema_type":"default","schema_type_options":null,"pillar_content":false,"robots_default":true,"robots_noindex":false,"robots_noarchive":false,"robots_nosnippet":false,"robots_nofollow":false,"robots_noimageindex":false,"robots_noodp":false,"robots_notranslate":false,"robots_max_snippet":"-1","robots_max_videopreview":"-1","robots_max_imagepreview":"large","priority":null,"frequency":"default","location":null,"local_seo":null,"seo_analyzer_scan_date":"2025-10-27 11:02:28","breadcrumb_settings":null,"limit_modified_date":false,"reviewed_by":"0","open_ai":null,"ai":{"faqs":[],"keyPoints":[],"titles":[],"descriptions":[],"socialPosts":{"email":[],"linkedin":[],"twitter":[],"facebook":[],"instagram":[]}},"created":"2023-01-24 09:56:27","updated":"2025-10-27 11:09:09"},"aioseo_breadcrumb":"<div class=\"aioseo-breadcrumbs\"><span class=\"aioseo-breadcrumb\">\n\t<a href=\"https:\/\/sauma.bio\" title=\"Home\">Home<\/a>\n<\/span><span class=\"aioseo-breadcrumb-separator\">&raquo;<\/span><span class=\"aioseo-breadcrumb\">\n\tAccessoires\n<\/span><\/div>","aioseo_breadcrumb_json":[{"label":"Home","link":"https:\/\/sauma.bio"},{"label":"Accessoires","link":"https:\/\/sauma.bio\/accessoires\/"}],"jetpack_sharing_enabled":true,"_links":{"self":[{"href":"https:\/\/sauma.bio\/nov-apijson\/wp\/v2\/pages\/3251","targetHints":{"allow":["GET"]}}],"collection":[{"href":"https:\/\/sauma.bio\/nov-apijson\/wp\/v2\/pages"}],"about":[{"href":"https:\/\/sauma.bio\/nov-apijson\/wp\/v2\/types\/page"}],"author":[{"embeddable":true,"href":"https:\/\/sauma.bio\/nov-apijson\/wp\/v2\/users\/40"}],"replies":[{"embeddable":true,"href":"https:\/\/sauma.bio\/nov-apijson\/wp\/v2\/comments?post=3251"}],"version-history":[{"count":51,"href":"https:\/\/sauma.bio\/nov-apijson\/wp\/v2\/pages\/3251\/revisions"}],"predecessor-version":[{"id":4533,"href":"https:\/\/sauma.bio\/nov-apijson\/wp\/v2\/pages\/3251\/revisions\/4533"}],"wp:attachment":[{"href":"https:\/\/sauma.bio\/nov-apijson\/wp\/v2\/media?parent=3251"}],"curies":[{"name":"wp","href":"https:\/\/api.w.org\/{rel}","templated":true}]}}