{"id":1661,"date":"2022-05-05T09:56:39","date_gmt":"2022-05-05T07:56:39","guid":{"rendered":"https:\/\/sauma.bio\/?page_id=1661"},"modified":"2025-11-17T19:24:59","modified_gmt":"2025-11-17T18:24:59","slug":"savon-lait-anesse","status":"publish","type":"page","link":"https:\/\/sauma.bio\/savon-lait-anesse\/","title":{"rendered":"Savons"},"content":{"rendered":"\t\t<div data-elementor-type=\"wp-page\" data-elementor-id=\"1661\" class=\"elementor elementor-1661\" data-elementor-settings=\"[]\">\n\t\t\t\t\t\t<div class=\"elementor-inner\">\n\t\t\t\t\t\t\t<div class=\"elementor-section-wrap\">\n\t\t\t\t\t\t\t<section class=\"elementor-section elementor-top-section elementor-element elementor-element-75777001 elementor-section-full_width elementor-section-stretched elementor-section-height-min-height elementor-section-height-default elementor-section-items-middle\" data-id=\"75777001\" data-element_type=\"section\" data-settings=\"{&quot;stretch_section&quot;:&quot;section-stretched&quot;,&quot;background_background&quot;:&quot;classic&quot;}\">\n\t\t\t\t\t\t\t<div class=\"elementor-background-overlay\"><\/div>\n\t\t\t\t\t\t\t<div class=\"elementor-container elementor-column-gap-no\">\n\t\t\t\t\t\t\t<div class=\"elementor-row\">\n\t\t\t\t\t<div class=\"elementor-column elementor-col-100 elementor-top-column elementor-element elementor-element-7fc05281\" data-id=\"7fc05281\" data-element_type=\"column\">\n\t\t\t<div class=\"elementor-column-wrap elementor-element-populated\">\n\t\t\t\t\t\t\t<div class=\"elementor-widget-wrap\">\n\t\t\t\t\t\t<div class=\"elementor-element elementor-element-673591a elementor-widget elementor-widget-heading\" data-id=\"673591a\" data-element_type=\"widget\" data-widget_type=\"heading.default\">\n\t\t\t\t<div class=\"elementor-widget-container\">\n\t\t\t<h1 class=\"elementor-heading-title elementor-size-default\">Savons lait d'\u00e2nesse<\/h1>\t\t<\/div>\n\t\t\t\t<\/div>\n\t\t\t\t\t\t<\/div>\n\t\t\t\t\t<\/div>\n\t\t<\/div>\n\t\t\t\t\t\t\t\t<\/div>\n\t\t\t\t\t<\/div>\n\t\t<\/section>\n\t\t\t\t<section class=\"elementor-section elementor-top-section elementor-element elementor-element-2488f2bc elementor-section-height-min-height elementor-section-stretched elementor-section-boxed elementor-section-height-default elementor-section-items-middle\" data-id=\"2488f2bc\" data-element_type=\"section\" data-settings=\"{&quot;stretch_section&quot;:&quot;section-stretched&quot;,&quot;background_background&quot;:&quot;classic&quot;,&quot;shape_divider_bottom&quot;:&quot;waves&quot;,&quot;shape_divider_bottom_negative&quot;:&quot;yes&quot;}\">\n\t\t\t\t\t<div class=\"elementor-shape elementor-shape-bottom\" data-negative=\"true\">\n\t\t\t<svg xmlns=\"http:\/\/www.w3.org\/2000\/svg\" viewBox=\"0 0 1000 100\" preserveAspectRatio=\"none\">\n\t<path class=\"elementor-shape-fill\" d=\"M790.5,93.1c-59.3-5.3-116.8-18-192.6-50c-29.6-12.7-76.9-31-100.5-35.9c-23.6-4.9-52.6-7.8-75.5-5.3\n\tc-10.2,1.1-22.6,1.4-50.1,7.4c-27.2,6.3-58.2,16.6-79.4,24.7c-41.3,15.9-94.9,21.9-134,22.6C72,58.2,0,25.8,0,25.8V100h1000V65.3\n\tc0,0-51.5,19.4-106.2,25.7C839.5,97,814.1,95.2,790.5,93.1z\"\/>\n<\/svg>\t\t<\/div>\n\t\t\t\t\t<div class=\"elementor-container elementor-column-gap-default\">\n\t\t\t\t\t\t\t<div class=\"elementor-row\">\n\t\t\t\t\t<div class=\"elementor-column elementor-col-100 elementor-top-column elementor-element elementor-element-b9e7686\" data-id=\"b9e7686\" data-element_type=\"column\">\n\t\t\t<div class=\"elementor-column-wrap elementor-element-populated\">\n\t\t\t\t\t\t\t<div class=\"elementor-widget-wrap\">\n\t\t\t\t\t\t<div class=\"elementor-element elementor-element-d55c676 animated-slow elementor-invisible elementor-widget elementor-widget-heading\" data-id=\"d55c676\" data-element_type=\"widget\" data-settings=\"{&quot;_animation&quot;:&quot;fadeIn&quot;}\" data-widget_type=\"heading.default\">\n\t\t\t\t<div class=\"elementor-widget-container\">\n\t\t\t<h2 class=\"elementor-heading-title elementor-size-default\">D\u00e9couvrez notre gamme de savons biologiques au lait d\u2019\u00e2nesse<\/h2>\t\t<\/div>\n\t\t\t\t<\/div>\n\t\t\t\t<div class=\"elementor-element elementor-element-7711c92b elementor-widget elementor-widget-text-editor\" data-id=\"7711c92b\" data-element_type=\"widget\" data-widget_type=\"text-editor.default\">\n\t\t\t\t<div class=\"elementor-widget-container\">\n\t\t\t\t\t\t\t\t<div class=\"elementor-text-editor elementor-clearfix\">\n\t\t\t\t<p>Sauma, notre marque de <a href=\"https:\/\/sauma.bio\/\"><strong>cosm\u00e9tiques au lait d\u2019\u00e2nesse bio<\/strong><\/a>, vous propose des savons \u00e0 base de lait d\u2019\u00e2nesse bio de montagne. D\u00e9couvrez d\u00e8s maintenant toutes les vertus bienfaisantes de notre lait d\u2019\u00e2nesse issu de l\u2019agriculture biologique que nous produisons au sein de notre asinerie dans les Pyr\u00e9n\u00e9es.<\/p>\t\t\t\t\t<\/div>\n\t\t\t\t\t\t<\/div>\n\t\t\t\t<\/div>\n\t\t\t\t\t\t<\/div>\n\t\t\t\t\t<\/div>\n\t\t<\/div>\n\t\t\t\t\t\t\t\t<\/div>\n\t\t\t\t\t<\/div>\n\t\t<\/section>\n\t\t\t\t<section class=\"elementor-section elementor-top-section elementor-element elementor-element-46fd297d elementor-section-content-middle elementor-section-stretched elementor-hidden-desktop elementor-hidden-tablet elementor-hidden-mobile elementor-section-boxed elementor-section-height-default elementor-section-height-default\" data-id=\"46fd297d\" data-element_type=\"section\" data-settings=\"{&quot;stretch_section&quot;:&quot;section-stretched&quot;,&quot;background_background&quot;:&quot;classic&quot;}\">\n\t\t\t\t\t\t<div class=\"elementor-container elementor-column-gap-default\">\n\t\t\t\t\t\t\t<div class=\"elementor-row\">\n\t\t\t\t\t<div class=\"elementor-column elementor-col-50 elementor-top-column elementor-element elementor-element-736a44fc\" data-id=\"736a44fc\" data-element_type=\"column\">\n\t\t\t<div class=\"elementor-column-wrap elementor-element-populated\">\n\t\t\t\t\t\t\t<div class=\"elementor-widget-wrap\">\n\t\t\t\t\t\t<div class=\"elementor-element elementor-element-611f9e99 elementor-widget elementor-widget-image\" data-id=\"611f9e99\" data-element_type=\"widget\" data-widget_type=\"image.default\">\n\t\t\t\t<div class=\"elementor-widget-container\">\n\t\t\t\t\t\t\t\t<div class=\"elementor-image\">\n\t\t\t\t\t\t\t\t\t\t\t\t<img loading=\"lazy\" decoding=\"async\" width=\"750\" height=\"500\" src=\"https:\/\/sauma.bio\/wp-content\/uploads\/2022\/05\/Sauma-0059-1024x683.jpg\" class=\"attachment-large size-large\" alt=\"\" srcset=\"https:\/\/sauma.bio\/wp-content\/uploads\/2022\/05\/Sauma-0059-1024x683.jpg 1024w, https:\/\/sauma.bio\/wp-content\/uploads\/2022\/05\/Sauma-0059-scaled-600x400.jpg 600w, https:\/\/sauma.bio\/wp-content\/uploads\/2022\/05\/Sauma-0059-300x200.jpg 300w, https:\/\/sauma.bio\/wp-content\/uploads\/2022\/05\/Sauma-0059-768x512.jpg 768w, https:\/\/sauma.bio\/wp-content\/uploads\/2022\/05\/Sauma-0059-1536x1025.jpg 1536w, https:\/\/sauma.bio\/wp-content\/uploads\/2022\/05\/Sauma-0059-2048x1366.jpg 2048w, https:\/\/sauma.bio\/wp-content\/uploads\/2022\/05\/Sauma-0059-360x240.jpg 360w, https:\/\/sauma.bio\/wp-content\/uploads\/2022\/05\/Sauma-0059-1320x880.jpg 1320w\" sizes=\"auto, (max-width: 750px) 100vw, 750px\" \/>\t\t\t\t\t\t\t\t\t\t\t\t\t\t<\/div>\n\t\t\t\t\t\t<\/div>\n\t\t\t\t<\/div>\n\t\t\t\t\t\t<\/div>\n\t\t\t\t\t<\/div>\n\t\t<\/div>\n\t\t\t\t<div class=\"elementor-column elementor-col-50 elementor-top-column elementor-element elementor-element-127ea94\" data-id=\"127ea94\" data-element_type=\"column\">\n\t\t\t<div class=\"elementor-column-wrap elementor-element-populated\">\n\t\t\t\t\t\t\t<div class=\"elementor-widget-wrap\">\n\t\t\t\t\t\t<div class=\"elementor-element elementor-element-47f32fb5 animated-slow elementor-invisible elementor-widget elementor-widget-heading\" data-id=\"47f32fb5\" data-element_type=\"widget\" data-settings=\"{&quot;_animation&quot;:&quot;fadeIn&quot;}\" data-widget_type=\"heading.default\">\n\t\t\t\t<div class=\"elementor-widget-container\">\n\t\t\t<h2 class=\"elementor-heading-title elementor-size-default\">D\u00e9couvrez nos savons solides<\/h2>\t\t<\/div>\n\t\t\t\t<\/div>\n\t\t\t\t<div class=\"elementor-element elementor-element-4a1bac28 elementor-widget elementor-widget-text-editor\" data-id=\"4a1bac28\" data-element_type=\"widget\" data-widget_type=\"text-editor.default\">\n\t\t\t\t<div class=\"elementor-widget-container\">\n\t\t\t\t\t\t\t\t<div class=\"elementor-text-editor elementor-clearfix\">\n\t\t\t\t<p>\u00c9labor\u00e9s dans le Gers, nos savons solides sont tous saponifi\u00e9s \u00e0 froid. Ceux-ci contiennent un fort pourcentage de lait d\u2019\u00e2nesse, celui-ci \u00e9tant de 30%, ce qui garantit la pr\u00e9servation de l\u2019action apaisante du lait d\u2019\u00e2nesse. Profitez \u00e9galement des vertus des autres ingr\u00e9dients naturels composant nos savons solides : huiles v\u00e9g\u00e9tales, huiles essentielles, etc.<\/p>\n<p>Nourrissant et apaisant, notre savon est en mesure de soulager tous types de peau, y compris les plus s\u00e8ches et sensibles.<\/p>\t\t\t\t\t<\/div>\n\t\t\t\t\t\t<\/div>\n\t\t\t\t<\/div>\n\t\t\t\t\t\t<\/div>\n\t\t\t\t\t<\/div>\n\t\t<\/div>\n\t\t\t\t\t\t\t\t<\/div>\n\t\t\t\t\t<\/div>\n\t\t<\/section>\n\t\t\t\t<section class=\"elementor-section elementor-top-section elementor-element elementor-element-a3d7fe2 elementor-section-stretched elementor-section-boxed elementor-section-height-default elementor-section-height-default\" data-id=\"a3d7fe2\" data-element_type=\"section\" data-settings=\"{&quot;stretch_section&quot;:&quot;section-stretched&quot;,&quot;background_background&quot;:&quot;classic&quot;}\">\n\t\t\t\t\t\t<div class=\"elementor-container elementor-column-gap-default\">\n\t\t\t\t\t\t\t<div class=\"elementor-row\">\n\t\t\t\t\t<div class=\"elementor-column elementor-col-100 elementor-top-column elementor-element elementor-element-719027b\" data-id=\"719027b\" data-element_type=\"column\">\n\t\t\t<div class=\"elementor-column-wrap elementor-element-populated\">\n\t\t\t\t\t\t\t<div class=\"elementor-widget-wrap\">\n\t\t\t\t\t\t<div class=\"elementor-element elementor-element-726bdb4 eael-product-grid-column-4 elementor-widget elementor-widget-eicon-woocommerce\" data-id=\"726bdb4\" data-element_type=\"widget\" data-widget_type=\"eicon-woocommerce.default\">\n\t\t\t\t<div class=\"elementor-widget-container\">\n\t\t\t\n        <div class=\"eael-product-grid eael-product-preset-5 grid\" id=\"eael-product-grid\" data-widget-id=\"726bdb4\" data-page-id=\"1661\" data-nonce=\"637e0ca9ee\" >\n            <div class=\"woocommerce\">\n                <ul class=\"products\" data-layout-mode=\"grid\">        <li class=\"product  post-3598 type-product status-publish has-post-thumbnail product_cat-savons product_cat-savons-liquides first instock taxable shipping-taxable purchasable product-type-simple\">\n\t                    <div class=\"eael-product-wrap\">\n                <div class=\"product-image-wrap\">\n                    <div class=\"image-wrap\">\n\t\t\t\t\t\t<a href=\"https:\/\/sauma.bio\/produit\/savon-au-lait-d-nesse-bio-et-de-jument-argan-et-orange\/\" class=\"woocommerce-LoopProduct-link woocommerce-loop-product__link\"><img fetchpriority=\"high\" decoding=\"async\" width=\"750\" height=\"502\" src=\"https:\/\/sauma.bio\/wp-content\/uploads\/2023\/09\/m3-768x514.jpg\" class=\"attachment-medium_large size-medium_large\" alt=\"Savon liquide au lait d&#039;\u00e2nesse bio et de jument - Argan et orange\" loading=\"eager\" \/><\/a>                    <\/div>\n                    <div class=\"image-hover-wrap\">\n\t\t\t\t\t\t                            <ul class=\"icons-wrap block-style\">\n\t\t\t\t\t\t\t\t                                    <li class=\"eael-product-quick-view\">\n                                        <a id=\"eael_quick_view_69f286f647756\" data-quickview-setting=\"{&quot;widget_id&quot;:&quot;726bdb4&quot;,&quot;product_id&quot;:3598,&quot;page_id&quot;:1661}\"\n                                           class=\"eael-product-grid-open-popup open-popup-link\">\n                                            <i class=\"fas fa-eye\"><\/i>\n                                        <\/a>\n                                    <\/li>\n\t\t\t\t\t\t\t\t\t\t\t\t\t\t\t\t\t\t\t\t\t\t\t\t                                <li class=\"view-details\"><a href=\"https:\/\/sauma.bio\/produit\/savon-au-lait-d-nesse-bio-et-de-jument-argan-et-orange\/\"><i class=\"fas fa-link\"><\/i><\/a><\/li>\n                                <li class=\"add-to-cart\"><a href=\"\/nov-apijson\/wp\/v2\/pages\/1661?add-to-cart=3598\" aria-describedby=\"woocommerce_loop_add_to_cart_link_describedby_3598\" data-quantity=\"1\" class=\"button product_type_simple add_to_cart_button ajax_add_to_cart\" data-product_id=\"3598\" data-product_sku=\"\" aria-label=\"Ajouter au panier\u00a0: &ldquo;Savon liquide au lait d&#039;\u00e2nesse bio et de jument - Argan et orange&rdquo;\" rel=\"nofollow\" data-success_message=\"\u00ab\u00a0Savon liquide au lait d&#039;\u00e2nesse bio et de jument - Argan et orange\u00a0\u00bb a \u00e9t\u00e9 ajout\u00e9 \u00e0 votre panier\" role=\"button\">Ajouter au panier<\/a>\t<span id=\"woocommerce_loop_add_to_cart_link_describedby_3598\" class=\"screen-reader-text\">\n\t\t\t<\/span>\n<\/li>\n                            <\/ul>\n\t\t\t\t\t\t                    <\/div>\n                <\/div>\n                <div class=\"product-details-wrap\">\n\t\t\t\t\t                    <div class=\"eael-product-title\">\n\t\t\t\t\t\t<a href=\"https:\/\/sauma.bio\/produit\/savon-au-lait-d-nesse-bio-et-de-jument-argan-et-orange\/\" class=\"woocommerce-LoopProduct-link woocommerce-loop-product__link\"><h3>Savon liquide au lait d'\u00e2nesse bio et de jument - Argan et orange<\/h3><\/a>\t\t\t\t\t\t                    <\/div>\n\t\t\t\t\t<div class=\"eael-product-price\"><span class=\"woocommerce-Price-amount amount\"><bdi>10,90&nbsp;<span class=\"woocommerce-Price-currencySymbol\">&euro;<\/span><\/bdi><\/span><\/div>                <\/div>\n            <\/div>\n\t\t\t        <\/li>\n\t\t        <li class=\"product  post-3591 type-product status-publish has-post-thumbnail product_cat-savons product_cat-savons-liquides instock taxable shipping-taxable purchasable product-type-simple\">\n\t                    <div class=\"eael-product-wrap\">\n                <div class=\"product-image-wrap\">\n                    <div class=\"image-wrap\">\n\t\t\t\t\t\t<a href=\"https:\/\/sauma.bio\/produit\/savon-au-lait-d-nesse-bio-et-de-jument-amande-douce-et-camomille\/\" class=\"woocommerce-LoopProduct-link woocommerce-loop-product__link\"><img decoding=\"async\" width=\"750\" height=\"500\" src=\"https:\/\/sauma.bio\/wp-content\/uploads\/2023\/09\/image_2023-09-14_103052089-768x512.png\" class=\"attachment-medium_large size-medium_large\" alt=\"Savon liquide au lait d\u2019\u00e2nesse bio et de jument \u2013 Amande douce &amp; Camomille\" loading=\"eager\" \/><\/a>                    <\/div>\n                    <div class=\"image-hover-wrap\">\n\t\t\t\t\t\t                            <ul class=\"icons-wrap block-style\">\n\t\t\t\t\t\t\t\t                                    <li class=\"eael-product-quick-view\">\n                                        <a id=\"eael_quick_view_69f286f649b5d\" data-quickview-setting=\"{&quot;widget_id&quot;:&quot;726bdb4&quot;,&quot;product_id&quot;:3591,&quot;page_id&quot;:1661}\"\n                                           class=\"eael-product-grid-open-popup open-popup-link\">\n                                            <i class=\"fas fa-eye\"><\/i>\n                                        <\/a>\n                                    <\/li>\n\t\t\t\t\t\t\t\t\t\t\t\t\t\t\t\t\t\t\t\t\t\t\t\t                                <li class=\"view-details\"><a href=\"https:\/\/sauma.bio\/produit\/savon-au-lait-d-nesse-bio-et-de-jument-amande-douce-et-camomille\/\"><i class=\"fas fa-link\"><\/i><\/a><\/li>\n                                <li class=\"add-to-cart\"><a href=\"\/nov-apijson\/wp\/v2\/pages\/1661?add-to-cart=3591\" aria-describedby=\"woocommerce_loop_add_to_cart_link_describedby_3591\" data-quantity=\"1\" class=\"button product_type_simple add_to_cart_button ajax_add_to_cart\" data-product_id=\"3591\" data-product_sku=\"\" aria-label=\"Ajouter au panier\u00a0: &ldquo;Savon liquide au lait d\u2019\u00e2nesse bio et de jument \u2013 Amande douce &amp; Camomille&rdquo;\" rel=\"nofollow\" data-success_message=\"\u00ab\u00a0Savon liquide au lait d\u2019\u00e2nesse bio et de jument \u2013 Amande douce &amp; Camomille\u00a0\u00bb a \u00e9t\u00e9 ajout\u00e9 \u00e0 votre panier\" role=\"button\">Ajouter au panier<\/a>\t<span id=\"woocommerce_loop_add_to_cart_link_describedby_3591\" class=\"screen-reader-text\">\n\t\t\t<\/span>\n<\/li>\n                            <\/ul>\n\t\t\t\t\t\t                    <\/div>\n                <\/div>\n                <div class=\"product-details-wrap\">\n\t\t\t\t\t                    <div class=\"eael-product-title\">\n\t\t\t\t\t\t<a href=\"https:\/\/sauma.bio\/produit\/savon-au-lait-d-nesse-bio-et-de-jument-amande-douce-et-camomille\/\" class=\"woocommerce-LoopProduct-link woocommerce-loop-product__link\"><h3>Savon liquide au lait d\u2019\u00e2nesse bio et de jument \u2013 Amande douce &amp; Camomille<\/h3><\/a>\t\t\t\t\t\t                    <\/div>\n\t\t\t\t\t<div class=\"eael-product-price\"><span class=\"woocommerce-Price-amount amount\"><bdi>10,90&nbsp;<span class=\"woocommerce-Price-currencySymbol\">&euro;<\/span><\/bdi><\/span><\/div>                <\/div>\n            <\/div>\n\t\t\t        <\/li>\n\t\t        <li class=\"product  post-3270 type-product status-publish has-post-thumbnail product_cat-accessoires product_cat-savons last instock taxable shipping-taxable purchasable product-type-simple\">\n\t                    <div class=\"eael-product-wrap\">\n                <div class=\"product-image-wrap\">\n                    <div class=\"image-wrap\">\n\t\t\t\t\t\t<a href=\"https:\/\/sauma.bio\/produit\/porte-savon-aimante-chamarrel\/\" class=\"woocommerce-LoopProduct-link woocommerce-loop-product__link\"><img decoding=\"async\" width=\"750\" height=\"750\" src=\"https:\/\/sauma.bio\/wp-content\/uploads\/2023\/01\/Sauma-0418-768x768.jpg\" class=\"attachment-medium_large size-medium_large\" alt=\"Porte-savon aimant\u00e9 Chamarrel\" loading=\"eager\" \/><\/a>                    <\/div>\n                    <div class=\"image-hover-wrap\">\n\t\t\t\t\t\t                            <ul class=\"icons-wrap block-style\">\n\t\t\t\t\t\t\t\t                                    <li class=\"eael-product-quick-view\">\n                                        <a id=\"eael_quick_view_69f286f64bd04\" data-quickview-setting=\"{&quot;widget_id&quot;:&quot;726bdb4&quot;,&quot;product_id&quot;:3270,&quot;page_id&quot;:1661}\"\n                                           class=\"eael-product-grid-open-popup open-popup-link\">\n                                            <i class=\"fas fa-eye\"><\/i>\n                                        <\/a>\n                                    <\/li>\n\t\t\t\t\t\t\t\t\t\t\t\t\t\t\t\t\t\t\t\t\t\t\t\t                                <li class=\"view-details\"><a href=\"https:\/\/sauma.bio\/produit\/porte-savon-aimante-chamarrel\/\"><i class=\"fas fa-link\"><\/i><\/a><\/li>\n                                <li class=\"add-to-cart\"><a href=\"\/nov-apijson\/wp\/v2\/pages\/1661?add-to-cart=3270\" aria-describedby=\"woocommerce_loop_add_to_cart_link_describedby_3270\" data-quantity=\"1\" class=\"button product_type_simple add_to_cart_button ajax_add_to_cart\" data-product_id=\"3270\" data-product_sku=\"\" aria-label=\"Ajouter au panier\u00a0: &ldquo;Porte-savon aimant\u00e9 Chamarrel&rdquo;\" rel=\"nofollow\" data-success_message=\"\u00ab\u00a0Porte-savon aimant\u00e9 Chamarrel\u00a0\u00bb a \u00e9t\u00e9 ajout\u00e9 \u00e0 votre panier\" role=\"button\">Ajouter au panier<\/a>\t<span id=\"woocommerce_loop_add_to_cart_link_describedby_3270\" class=\"screen-reader-text\">\n\t\t\t<\/span>\n<\/li>\n                            <\/ul>\n\t\t\t\t\t\t                    <\/div>\n                <\/div>\n                <div class=\"product-details-wrap\">\n\t\t\t\t\t                    <div class=\"eael-product-title\">\n\t\t\t\t\t\t<a href=\"https:\/\/sauma.bio\/produit\/porte-savon-aimante-chamarrel\/\" class=\"woocommerce-LoopProduct-link woocommerce-loop-product__link\"><h3>Porte-savon aimant\u00e9 Chamarrel<\/h3><\/a>\t\t\t\t\t\t                    <\/div>\n\t\t\t\t\t<div class=\"eael-product-price\"><span class=\"woocommerce-Price-amount amount\"><bdi>7,00&nbsp;<span class=\"woocommerce-Price-currencySymbol\">&euro;<\/span><\/bdi><\/span><\/div>                <\/div>\n            <\/div>\n\t\t\t        <\/li>\n\t\t        <li class=\"product  post-2169 type-product status-publish has-post-thumbnail product_cat-savons product_cat-savons-solides first instock taxable shipping-taxable purchasable product-type-simple\">\n\t                    <div class=\"eael-product-wrap\">\n                <div class=\"product-image-wrap\">\n                    <div class=\"image-wrap\">\n\t\t\t\t\t\t<a href=\"https:\/\/sauma.bio\/produit\/savon-lait-anesse-verveine-exotique\/\" class=\"woocommerce-LoopProduct-link woocommerce-loop-product__link\"><img decoding=\"async\" width=\"750\" height=\"750\" src=\"https:\/\/sauma.bio\/wp-content\/uploads\/2022\/06\/Verveine-768x768.jpg\" class=\"attachment-medium_large size-medium_large\" alt=\"Savon solide au lait d\u2019\u00e2nesse bio \u2013 Verveine exotique\" loading=\"eager\" \/><\/a>                    <\/div>\n                    <div class=\"image-hover-wrap\">\n\t\t\t\t\t\t                            <ul class=\"icons-wrap block-style\">\n\t\t\t\t\t\t\t\t                                    <li class=\"eael-product-quick-view\">\n                                        <a id=\"eael_quick_view_69f286f64df13\" data-quickview-setting=\"{&quot;widget_id&quot;:&quot;726bdb4&quot;,&quot;product_id&quot;:2169,&quot;page_id&quot;:1661}\"\n                                           class=\"eael-product-grid-open-popup open-popup-link\">\n                                            <i class=\"fas fa-eye\"><\/i>\n                                        <\/a>\n                                    <\/li>\n\t\t\t\t\t\t\t\t\t\t\t\t\t\t\t\t\t\t\t\t\t\t\t\t                                <li class=\"view-details\"><a href=\"https:\/\/sauma.bio\/produit\/savon-lait-anesse-verveine-exotique\/\"><i class=\"fas fa-link\"><\/i><\/a><\/li>\n                                <li class=\"add-to-cart\"><a href=\"\/nov-apijson\/wp\/v2\/pages\/1661?add-to-cart=2169\" aria-describedby=\"woocommerce_loop_add_to_cart_link_describedby_2169\" data-quantity=\"1\" class=\"button product_type_simple add_to_cart_button ajax_add_to_cart\" data-product_id=\"2169\" data-product_sku=\"\" aria-label=\"Ajouter au panier\u00a0: &ldquo;Savon solide au lait d\u2019\u00e2nesse bio \u2013 Verveine exotique&rdquo;\" rel=\"nofollow\" data-success_message=\"\u00ab\u00a0Savon solide au lait d\u2019\u00e2nesse bio \u2013 Verveine exotique\u00a0\u00bb a \u00e9t\u00e9 ajout\u00e9 \u00e0 votre panier\" role=\"button\">Ajouter au panier<\/a>\t<span id=\"woocommerce_loop_add_to_cart_link_describedby_2169\" class=\"screen-reader-text\">\n\t\t\t<\/span>\n<\/li>\n                            <\/ul>\n\t\t\t\t\t\t                    <\/div>\n                <\/div>\n                <div class=\"product-details-wrap\">\n\t\t\t\t\t                    <div class=\"eael-product-title\">\n\t\t\t\t\t\t<a href=\"https:\/\/sauma.bio\/produit\/savon-lait-anesse-verveine-exotique\/\" class=\"woocommerce-LoopProduct-link woocommerce-loop-product__link\"><h3>Savon solide au lait d\u2019\u00e2nesse bio \u2013 Verveine exotique<\/h3><\/a>\t\t\t\t\t\t                    <\/div>\n\t\t\t\t\t<div class=\"eael-product-price\"><span class=\"woocommerce-Price-amount amount\"><bdi>6,50&nbsp;<span class=\"woocommerce-Price-currencySymbol\">&euro;<\/span><\/bdi><\/span><\/div>                <\/div>\n            <\/div>\n\t\t\t        <\/li>\n\t\t        <li class=\"product  post-2167 type-product status-publish has-post-thumbnail product_cat-savons product_cat-savons-solides instock taxable shipping-taxable purchasable product-type-simple\">\n\t                    <div class=\"eael-product-wrap\">\n                <div class=\"product-image-wrap\">\n                    <div class=\"image-wrap\">\n\t\t\t\t\t\t<a href=\"https:\/\/sauma.bio\/produit\/savon-lait-anesse-bio-lavande\/\" class=\"woocommerce-LoopProduct-link woocommerce-loop-product__link\"><img decoding=\"async\" width=\"750\" height=\"750\" src=\"https:\/\/sauma.bio\/wp-content\/uploads\/2022\/06\/Lavande-768x768.jpg\" class=\"attachment-medium_large size-medium_large\" alt=\"Savon solide au lait d\u2019\u00e2nesse bio \u2013 Lavande\" loading=\"eager\" \/><\/a>                    <\/div>\n                    <div class=\"image-hover-wrap\">\n\t\t\t\t\t\t                            <ul class=\"icons-wrap block-style\">\n\t\t\t\t\t\t\t\t                                    <li class=\"eael-product-quick-view\">\n                                        <a id=\"eael_quick_view_69f286f650242\" data-quickview-setting=\"{&quot;widget_id&quot;:&quot;726bdb4&quot;,&quot;product_id&quot;:2167,&quot;page_id&quot;:1661}\"\n                                           class=\"eael-product-grid-open-popup open-popup-link\">\n                                            <i class=\"fas fa-eye\"><\/i>\n                                        <\/a>\n                                    <\/li>\n\t\t\t\t\t\t\t\t\t\t\t\t\t\t\t\t\t\t\t\t\t\t\t\t                                <li class=\"view-details\"><a href=\"https:\/\/sauma.bio\/produit\/savon-lait-anesse-bio-lavande\/\"><i class=\"fas fa-link\"><\/i><\/a><\/li>\n                                <li class=\"add-to-cart\"><a href=\"\/nov-apijson\/wp\/v2\/pages\/1661?add-to-cart=2167\" aria-describedby=\"woocommerce_loop_add_to_cart_link_describedby_2167\" data-quantity=\"1\" class=\"button product_type_simple add_to_cart_button ajax_add_to_cart\" data-product_id=\"2167\" data-product_sku=\"\" aria-label=\"Ajouter au panier\u00a0: &ldquo;Savon solide au lait d\u2019\u00e2nesse bio \u2013 Lavande&rdquo;\" rel=\"nofollow\" data-success_message=\"\u00ab\u00a0Savon solide au lait d\u2019\u00e2nesse bio \u2013 Lavande\u00a0\u00bb a \u00e9t\u00e9 ajout\u00e9 \u00e0 votre panier\" role=\"button\">Ajouter au panier<\/a>\t<span id=\"woocommerce_loop_add_to_cart_link_describedby_2167\" class=\"screen-reader-text\">\n\t\t\t<\/span>\n<\/li>\n                            <\/ul>\n\t\t\t\t\t\t                    <\/div>\n                <\/div>\n                <div class=\"product-details-wrap\">\n\t\t\t\t\t                    <div class=\"eael-product-title\">\n\t\t\t\t\t\t<a href=\"https:\/\/sauma.bio\/produit\/savon-lait-anesse-bio-lavande\/\" class=\"woocommerce-LoopProduct-link woocommerce-loop-product__link\"><h3>Savon solide au lait d\u2019\u00e2nesse bio \u2013 Lavande<\/h3><\/a>\t\t\t\t\t\t                    <\/div>\n\t\t\t\t\t<div class=\"eael-product-price\"><span class=\"woocommerce-Price-amount amount\"><bdi>6,50&nbsp;<span class=\"woocommerce-Price-currencySymbol\">&euro;<\/span><\/bdi><\/span><\/div>                <\/div>\n            <\/div>\n\t\t\t        <\/li>\n\t\t        <li class=\"product  post-2165 type-product status-publish has-post-thumbnail product_cat-savons product_cat-savons-solides last instock taxable shipping-taxable purchasable product-type-simple\">\n\t                    <div class=\"eael-product-wrap\">\n                <div class=\"product-image-wrap\">\n                    <div class=\"image-wrap\">\n\t\t\t\t\t\t<a href=\"https:\/\/sauma.bio\/produit\/savon-lait-anesse-musquee-chili\/\" class=\"woocommerce-LoopProduct-link woocommerce-loop-product__link\"><img decoding=\"async\" width=\"750\" height=\"750\" src=\"https:\/\/sauma.bio\/wp-content\/uploads\/2022\/06\/Rose-musquee-768x768.jpg\" class=\"attachment-medium_large size-medium_large\" alt=\"Savon solide au lait d\u2019\u00e2nesse bio \u2013 Rose musqu\u00e9e du Chili\" loading=\"eager\" \/><\/a>                    <\/div>\n                    <div class=\"image-hover-wrap\">\n\t\t\t\t\t\t                            <ul class=\"icons-wrap block-style\">\n\t\t\t\t\t\t\t\t                                    <li class=\"eael-product-quick-view\">\n                                        <a id=\"eael_quick_view_69f286f6524d3\" data-quickview-setting=\"{&quot;widget_id&quot;:&quot;726bdb4&quot;,&quot;product_id&quot;:2165,&quot;page_id&quot;:1661}\"\n                                           class=\"eael-product-grid-open-popup open-popup-link\">\n                                            <i class=\"fas fa-eye\"><\/i>\n                                        <\/a>\n                                    <\/li>\n\t\t\t\t\t\t\t\t\t\t\t\t\t\t\t\t\t\t\t\t\t\t\t\t                                <li class=\"view-details\"><a href=\"https:\/\/sauma.bio\/produit\/savon-lait-anesse-musquee-chili\/\"><i class=\"fas fa-link\"><\/i><\/a><\/li>\n                                <li class=\"add-to-cart\"><a href=\"\/nov-apijson\/wp\/v2\/pages\/1661?add-to-cart=2165\" aria-describedby=\"woocommerce_loop_add_to_cart_link_describedby_2165\" data-quantity=\"1\" class=\"button product_type_simple add_to_cart_button ajax_add_to_cart\" data-product_id=\"2165\" data-product_sku=\"\" aria-label=\"Ajouter au panier\u00a0: &ldquo;Savon solide au lait d\u2019\u00e2nesse bio \u2013 Rose musqu\u00e9e du Chili&rdquo;\" rel=\"nofollow\" data-success_message=\"\u00ab\u00a0Savon solide au lait d\u2019\u00e2nesse bio \u2013 Rose musqu\u00e9e du Chili\u00a0\u00bb a \u00e9t\u00e9 ajout\u00e9 \u00e0 votre panier\" role=\"button\">Ajouter au panier<\/a>\t<span id=\"woocommerce_loop_add_to_cart_link_describedby_2165\" class=\"screen-reader-text\">\n\t\t\t<\/span>\n<\/li>\n                            <\/ul>\n\t\t\t\t\t\t                    <\/div>\n                <\/div>\n                <div class=\"product-details-wrap\">\n\t\t\t\t\t                    <div class=\"eael-product-title\">\n\t\t\t\t\t\t<a href=\"https:\/\/sauma.bio\/produit\/savon-lait-anesse-musquee-chili\/\" class=\"woocommerce-LoopProduct-link woocommerce-loop-product__link\"><h3>Savon solide au lait d\u2019\u00e2nesse bio \u2013 Rose musqu\u00e9e du Chili<\/h3><\/a>\t\t\t\t\t\t                    <\/div>\n\t\t\t\t\t<div class=\"eael-product-price\"><span class=\"woocommerce-Price-amount amount\"><bdi>6,50&nbsp;<span class=\"woocommerce-Price-currencySymbol\">&euro;<\/span><\/bdi><\/span><\/div>                <\/div>\n            <\/div>\n\t\t\t        <\/li>\n\t\t        <li class=\"product  post-2163 type-product status-publish has-post-thumbnail product_cat-savons product_cat-savons-solides first instock taxable shipping-taxable purchasable product-type-simple\">\n\t                    <div class=\"eael-product-wrap\">\n                <div class=\"product-image-wrap\">\n                    <div class=\"image-wrap\">\n\t\t\t\t\t\t<a href=\"https:\/\/sauma.bio\/produit\/savon-lait-anesse-calendula\/\" class=\"woocommerce-LoopProduct-link woocommerce-loop-product__link\"><img decoding=\"async\" width=\"750\" height=\"750\" src=\"https:\/\/sauma.bio\/wp-content\/uploads\/2022\/06\/Calendula-768x768.jpg\" class=\"attachment-medium_large size-medium_large\" alt=\"Savon solide au lait d\u2019\u00e2nesse bio \u2013 Calendula\" loading=\"eager\" \/><\/a>                    <\/div>\n                    <div class=\"image-hover-wrap\">\n\t\t\t\t\t\t                            <ul class=\"icons-wrap block-style\">\n\t\t\t\t\t\t\t\t                                    <li class=\"eael-product-quick-view\">\n                                        <a id=\"eael_quick_view_69f286f6546ab\" data-quickview-setting=\"{&quot;widget_id&quot;:&quot;726bdb4&quot;,&quot;product_id&quot;:2163,&quot;page_id&quot;:1661}\"\n                                           class=\"eael-product-grid-open-popup open-popup-link\">\n                                            <i class=\"fas fa-eye\"><\/i>\n                                        <\/a>\n                                    <\/li>\n\t\t\t\t\t\t\t\t\t\t\t\t\t\t\t\t\t\t\t\t\t\t\t\t                                <li class=\"view-details\"><a href=\"https:\/\/sauma.bio\/produit\/savon-lait-anesse-calendula\/\"><i class=\"fas fa-link\"><\/i><\/a><\/li>\n                                <li class=\"add-to-cart\"><a href=\"\/nov-apijson\/wp\/v2\/pages\/1661?add-to-cart=2163\" aria-describedby=\"woocommerce_loop_add_to_cart_link_describedby_2163\" data-quantity=\"1\" class=\"button product_type_simple add_to_cart_button ajax_add_to_cart\" data-product_id=\"2163\" data-product_sku=\"\" aria-label=\"Ajouter au panier\u00a0: &ldquo;Savon solide au lait d\u2019\u00e2nesse bio \u2013 Calendula&rdquo;\" rel=\"nofollow\" data-success_message=\"\u00ab\u00a0Savon solide au lait d\u2019\u00e2nesse bio \u2013 Calendula\u00a0\u00bb a \u00e9t\u00e9 ajout\u00e9 \u00e0 votre panier\" role=\"button\">Ajouter au panier<\/a>\t<span id=\"woocommerce_loop_add_to_cart_link_describedby_2163\" class=\"screen-reader-text\">\n\t\t\t<\/span>\n<\/li>\n                            <\/ul>\n\t\t\t\t\t\t                    <\/div>\n                <\/div>\n                <div class=\"product-details-wrap\">\n\t\t\t\t\t                    <div class=\"eael-product-title\">\n\t\t\t\t\t\t<a href=\"https:\/\/sauma.bio\/produit\/savon-lait-anesse-calendula\/\" class=\"woocommerce-LoopProduct-link woocommerce-loop-product__link\"><h3>Savon solide au lait d\u2019\u00e2nesse bio \u2013 Calendula<\/h3><\/a>\t\t\t\t\t\t                    <\/div>\n\t\t\t\t\t<div class=\"eael-product-price\"><span class=\"woocommerce-Price-amount amount\"><bdi>6,50&nbsp;<span class=\"woocommerce-Price-currencySymbol\">&euro;<\/span><\/bdi><\/span><\/div>                <\/div>\n            <\/div>\n\t\t\t        <\/li>\n\t\t        <li class=\"product  post-2161 type-product status-publish has-post-thumbnail product_cat-savons product_cat-savons-solides instock taxable shipping-taxable purchasable product-type-simple\">\n\t                    <div class=\"eael-product-wrap\">\n                <div class=\"product-image-wrap\">\n                    <div class=\"image-wrap\">\n\t\t\t\t\t\t<a href=\"https:\/\/sauma.bio\/produit\/savon-lait-anesse-cacao-karite\/\" class=\"woocommerce-LoopProduct-link woocommerce-loop-product__link\"><img decoding=\"async\" width=\"750\" height=\"750\" src=\"https:\/\/sauma.bio\/wp-content\/uploads\/2022\/06\/Cacao-768x768.jpg\" class=\"attachment-medium_large size-medium_large\" alt=\"Savon solide au lait d\u2019\u00e2nesse bio \u2013 Cacao Karit\u00e9\" loading=\"eager\" \/><\/a>                    <\/div>\n                    <div class=\"image-hover-wrap\">\n\t\t\t\t\t\t                            <ul class=\"icons-wrap block-style\">\n\t\t\t\t\t\t\t\t                                    <li class=\"eael-product-quick-view\">\n                                        <a id=\"eael_quick_view_69f286f6569c0\" data-quickview-setting=\"{&quot;widget_id&quot;:&quot;726bdb4&quot;,&quot;product_id&quot;:2161,&quot;page_id&quot;:1661}\"\n                                           class=\"eael-product-grid-open-popup open-popup-link\">\n                                            <i class=\"fas fa-eye\"><\/i>\n                                        <\/a>\n                                    <\/li>\n\t\t\t\t\t\t\t\t\t\t\t\t\t\t\t\t\t\t\t\t\t\t\t\t                                <li class=\"view-details\"><a href=\"https:\/\/sauma.bio\/produit\/savon-lait-anesse-cacao-karite\/\"><i class=\"fas fa-link\"><\/i><\/a><\/li>\n                                <li class=\"add-to-cart\"><a href=\"\/nov-apijson\/wp\/v2\/pages\/1661?add-to-cart=2161\" aria-describedby=\"woocommerce_loop_add_to_cart_link_describedby_2161\" data-quantity=\"1\" class=\"button product_type_simple add_to_cart_button ajax_add_to_cart\" data-product_id=\"2161\" data-product_sku=\"\" aria-label=\"Ajouter au panier\u00a0: &ldquo;Savon solide au lait d\u2019\u00e2nesse bio \u2013 Cacao Karit\u00e9&rdquo;\" rel=\"nofollow\" data-success_message=\"\u00ab\u00a0Savon solide au lait d\u2019\u00e2nesse bio \u2013 Cacao Karit\u00e9\u00a0\u00bb a \u00e9t\u00e9 ajout\u00e9 \u00e0 votre panier\" role=\"button\">Ajouter au panier<\/a>\t<span id=\"woocommerce_loop_add_to_cart_link_describedby_2161\" class=\"screen-reader-text\">\n\t\t\t<\/span>\n<\/li>\n                            <\/ul>\n\t\t\t\t\t\t                    <\/div>\n                <\/div>\n                <div class=\"product-details-wrap\">\n\t\t\t\t\t                    <div class=\"eael-product-title\">\n\t\t\t\t\t\t<a href=\"https:\/\/sauma.bio\/produit\/savon-lait-anesse-cacao-karite\/\" class=\"woocommerce-LoopProduct-link woocommerce-loop-product__link\"><h3>Savon solide au lait d\u2019\u00e2nesse bio \u2013 Cacao Karit\u00e9<\/h3><\/a>\t\t\t\t\t\t                    <\/div>\n\t\t\t\t\t<div class=\"eael-product-price\"><span class=\"woocommerce-Price-amount amount\"><bdi>6,50&nbsp;<span class=\"woocommerce-Price-currencySymbol\">&euro;<\/span><\/bdi><\/span><\/div>                <\/div>\n            <\/div>\n\t\t\t        <\/li>\n\t\t        <li class=\"product  post-2159 type-product status-publish has-post-thumbnail product_cat-savons product_cat-savons-solides last instock taxable shipping-taxable purchasable product-type-simple\">\n\t                    <div class=\"eael-product-wrap\">\n                <div class=\"product-image-wrap\">\n                    <div class=\"image-wrap\">\n\t\t\t\t\t\t<a href=\"https:\/\/sauma.bio\/produit\/savon-lait-anesse-bio-cedre\/\" class=\"woocommerce-LoopProduct-link woocommerce-loop-product__link\"><img decoding=\"async\" width=\"750\" height=\"750\" src=\"https:\/\/sauma.bio\/wp-content\/uploads\/2022\/06\/Cedre-768x768.jpg\" class=\"attachment-medium_large size-medium_large\" alt=\"Savon solide au lait d\u2019\u00e2nesse bio \u2013 C\u00e8dre\" loading=\"eager\" \/><\/a>                    <\/div>\n                    <div class=\"image-hover-wrap\">\n\t\t\t\t\t\t                            <ul class=\"icons-wrap block-style\">\n\t\t\t\t\t\t\t\t                                    <li class=\"eael-product-quick-view\">\n                                        <a id=\"eael_quick_view_69f286f658b4c\" data-quickview-setting=\"{&quot;widget_id&quot;:&quot;726bdb4&quot;,&quot;product_id&quot;:2159,&quot;page_id&quot;:1661}\"\n                                           class=\"eael-product-grid-open-popup open-popup-link\">\n                                            <i class=\"fas fa-eye\"><\/i>\n                                        <\/a>\n                                    <\/li>\n\t\t\t\t\t\t\t\t\t\t\t\t\t\t\t\t\t\t\t\t\t\t\t\t                                <li class=\"view-details\"><a href=\"https:\/\/sauma.bio\/produit\/savon-lait-anesse-bio-cedre\/\"><i class=\"fas fa-link\"><\/i><\/a><\/li>\n                                <li class=\"add-to-cart\"><a href=\"\/nov-apijson\/wp\/v2\/pages\/1661?add-to-cart=2159\" aria-describedby=\"woocommerce_loop_add_to_cart_link_describedby_2159\" data-quantity=\"1\" class=\"button product_type_simple add_to_cart_button ajax_add_to_cart\" data-product_id=\"2159\" data-product_sku=\"\" aria-label=\"Ajouter au panier\u00a0: &ldquo;Savon solide au lait d\u2019\u00e2nesse bio \u2013 C\u00e8dre&rdquo;\" rel=\"nofollow\" data-success_message=\"\u00ab\u00a0Savon solide au lait d\u2019\u00e2nesse bio \u2013 C\u00e8dre\u00a0\u00bb a \u00e9t\u00e9 ajout\u00e9 \u00e0 votre panier\" role=\"button\">Ajouter au panier<\/a>\t<span id=\"woocommerce_loop_add_to_cart_link_describedby_2159\" class=\"screen-reader-text\">\n\t\t\t<\/span>\n<\/li>\n                            <\/ul>\n\t\t\t\t\t\t                    <\/div>\n                <\/div>\n                <div class=\"product-details-wrap\">\n\t\t\t\t\t                    <div class=\"eael-product-title\">\n\t\t\t\t\t\t<a href=\"https:\/\/sauma.bio\/produit\/savon-lait-anesse-bio-cedre\/\" class=\"woocommerce-LoopProduct-link woocommerce-loop-product__link\"><h3>Savon solide au lait d\u2019\u00e2nesse bio \u2013 C\u00e8dre<\/h3><\/a>\t\t\t\t\t\t                    <\/div>\n\t\t\t\t\t<div class=\"eael-product-price\"><span class=\"woocommerce-Price-amount amount\"><bdi>6,50&nbsp;<span class=\"woocommerce-Price-currencySymbol\">&euro;<\/span><\/bdi><\/span><\/div>                <\/div>\n            <\/div>\n\t\t\t        <\/li>\n\t\t        <li class=\"product  post-2156 type-product status-publish has-post-thumbnail product_cat-savons product_cat-savons-solides first instock taxable shipping-taxable purchasable product-type-simple\">\n\t                    <div class=\"eael-product-wrap\">\n                <div class=\"product-image-wrap\">\n                    <div class=\"image-wrap\">\n\t\t\t\t\t\t<a href=\"https:\/\/sauma.bio\/produit\/savon-lait-anesse-bio-exfoliant-patchouli\/\" class=\"woocommerce-LoopProduct-link woocommerce-loop-product__link\"><img decoding=\"async\" width=\"750\" height=\"750\" src=\"https:\/\/sauma.bio\/wp-content\/uploads\/2022\/06\/Exfoliant-patchouli-768x768.jpg\" class=\"attachment-medium_large size-medium_large\" alt=\"Savon solide au lait d\u2019\u00e2nesse bio \u2013 Exfoliant Patchouli\" loading=\"eager\" \/><\/a>                    <\/div>\n                    <div class=\"image-hover-wrap\">\n\t\t\t\t\t\t                            <ul class=\"icons-wrap block-style\">\n\t\t\t\t\t\t\t\t                                    <li class=\"eael-product-quick-view\">\n                                        <a id=\"eael_quick_view_69f286f65acea\" data-quickview-setting=\"{&quot;widget_id&quot;:&quot;726bdb4&quot;,&quot;product_id&quot;:2156,&quot;page_id&quot;:1661}\"\n                                           class=\"eael-product-grid-open-popup open-popup-link\">\n                                            <i class=\"fas fa-eye\"><\/i>\n                                        <\/a>\n                                    <\/li>\n\t\t\t\t\t\t\t\t\t\t\t\t\t\t\t\t\t\t\t\t\t\t\t\t                                <li class=\"view-details\"><a href=\"https:\/\/sauma.bio\/produit\/savon-lait-anesse-bio-exfoliant-patchouli\/\"><i class=\"fas fa-link\"><\/i><\/a><\/li>\n                                <li class=\"add-to-cart\"><a href=\"\/nov-apijson\/wp\/v2\/pages\/1661?add-to-cart=2156\" aria-describedby=\"woocommerce_loop_add_to_cart_link_describedby_2156\" data-quantity=\"1\" class=\"button product_type_simple add_to_cart_button ajax_add_to_cart\" data-product_id=\"2156\" data-product_sku=\"\" aria-label=\"Ajouter au panier\u00a0: &ldquo;Savon solide au lait d\u2019\u00e2nesse bio \u2013 Exfoliant Patchouli&rdquo;\" rel=\"nofollow\" data-success_message=\"\u00ab\u00a0Savon solide au lait d\u2019\u00e2nesse bio \u2013 Exfoliant Patchouli\u00a0\u00bb a \u00e9t\u00e9 ajout\u00e9 \u00e0 votre panier\" role=\"button\">Ajouter au panier<\/a>\t<span id=\"woocommerce_loop_add_to_cart_link_describedby_2156\" class=\"screen-reader-text\">\n\t\t\t<\/span>\n<\/li>\n                            <\/ul>\n\t\t\t\t\t\t                    <\/div>\n                <\/div>\n                <div class=\"product-details-wrap\">\n\t\t\t\t\t                    <div class=\"eael-product-title\">\n\t\t\t\t\t\t<a href=\"https:\/\/sauma.bio\/produit\/savon-lait-anesse-bio-exfoliant-patchouli\/\" class=\"woocommerce-LoopProduct-link woocommerce-loop-product__link\"><h3>Savon solide au lait d\u2019\u00e2nesse bio \u2013 Exfoliant Patchouli<\/h3><\/a>\t\t\t\t\t\t                    <\/div>\n\t\t\t\t\t<div class=\"eael-product-price\"><span class=\"woocommerce-Price-amount amount\"><bdi>6,50&nbsp;<span class=\"woocommerce-Price-currencySymbol\">&euro;<\/span><\/bdi><\/span><\/div>                <\/div>\n            <\/div>\n\t\t\t        <\/li>\n\t\t        <li class=\"product  post-2154 type-product status-publish has-post-thumbnail product_cat-savons product_cat-savons-solides instock taxable shipping-taxable purchasable product-type-simple\">\n\t                    <div class=\"eael-product-wrap\">\n                <div class=\"product-image-wrap\">\n                    <div class=\"image-wrap\">\n\t\t\t\t\t\t<a href=\"https:\/\/sauma.bio\/produit\/savon-lait-anesse-bio-menthe-romarin\/\" class=\"woocommerce-LoopProduct-link woocommerce-loop-product__link\"><img decoding=\"async\" width=\"750\" height=\"750\" src=\"https:\/\/sauma.bio\/wp-content\/uploads\/2022\/06\/Menthe-romarin-768x768.jpg\" class=\"attachment-medium_large size-medium_large\" alt=\"Savon au lait d\u2019\u00e2nesse bio \u2013 Menthe Romarin\" loading=\"eager\" \/><\/a>                    <\/div>\n                    <div class=\"image-hover-wrap\">\n\t\t\t\t\t\t                            <ul class=\"icons-wrap block-style\">\n\t\t\t\t\t\t\t\t                                    <li class=\"eael-product-quick-view\">\n                                        <a id=\"eael_quick_view_69f286f65ce9a\" data-quickview-setting=\"{&quot;widget_id&quot;:&quot;726bdb4&quot;,&quot;product_id&quot;:2154,&quot;page_id&quot;:1661}\"\n                                           class=\"eael-product-grid-open-popup open-popup-link\">\n                                            <i class=\"fas fa-eye\"><\/i>\n                                        <\/a>\n                                    <\/li>\n\t\t\t\t\t\t\t\t\t\t\t\t\t\t\t\t\t\t\t\t\t\t\t\t                                <li class=\"view-details\"><a href=\"https:\/\/sauma.bio\/produit\/savon-lait-anesse-bio-menthe-romarin\/\"><i class=\"fas fa-link\"><\/i><\/a><\/li>\n                                <li class=\"add-to-cart\"><a href=\"\/nov-apijson\/wp\/v2\/pages\/1661?add-to-cart=2154\" aria-describedby=\"woocommerce_loop_add_to_cart_link_describedby_2154\" data-quantity=\"1\" class=\"button product_type_simple add_to_cart_button ajax_add_to_cart\" data-product_id=\"2154\" data-product_sku=\"\" aria-label=\"Ajouter au panier\u00a0: &ldquo;Savon au lait d\u2019\u00e2nesse bio \u2013 Menthe Romarin&rdquo;\" rel=\"nofollow\" data-success_message=\"\u00ab\u00a0Savon au lait d\u2019\u00e2nesse bio \u2013 Menthe Romarin\u00a0\u00bb a \u00e9t\u00e9 ajout\u00e9 \u00e0 votre panier\" role=\"button\">Ajouter au panier<\/a>\t<span id=\"woocommerce_loop_add_to_cart_link_describedby_2154\" class=\"screen-reader-text\">\n\t\t\t<\/span>\n<\/li>\n                            <\/ul>\n\t\t\t\t\t\t                    <\/div>\n                <\/div>\n                <div class=\"product-details-wrap\">\n\t\t\t\t\t                    <div class=\"eael-product-title\">\n\t\t\t\t\t\t<a href=\"https:\/\/sauma.bio\/produit\/savon-lait-anesse-bio-menthe-romarin\/\" class=\"woocommerce-LoopProduct-link woocommerce-loop-product__link\"><h3>Savon au lait d\u2019\u00e2nesse bio \u2013 Menthe Romarin<\/h3><\/a>\t\t\t\t\t\t                    <\/div>\n\t\t\t\t\t<div class=\"eael-product-price\"><span class=\"woocommerce-Price-amount amount\"><bdi>6,50&nbsp;<span class=\"woocommerce-Price-currencySymbol\">&euro;<\/span><\/bdi><\/span><\/div>                <\/div>\n            <\/div>\n\t\t\t        <\/li>\n\t\t        <li class=\"product  post-2152 type-product status-publish has-post-thumbnail product_cat-savons product_cat-savons-solides last instock taxable shipping-taxable purchasable product-type-simple\">\n\t                    <div class=\"eael-product-wrap\">\n                <div class=\"product-image-wrap\">\n                    <div class=\"image-wrap\">\n\t\t\t\t\t\t<a href=\"https:\/\/sauma.bio\/produit\/savon-au-lait-danesse-bio-argile-ylang-ylang\/\" class=\"woocommerce-LoopProduct-link woocommerce-loop-product__link\"><img decoding=\"async\" width=\"750\" height=\"750\" src=\"https:\/\/sauma.bio\/wp-content\/uploads\/2022\/06\/Argile-ylang-ylang-768x768.jpg\" class=\"attachment-medium_large size-medium_large\" alt=\"Savon au lait d\u2019\u00e2nesse bio \u2013 Argile Ylang Ylang\" loading=\"eager\" \/><\/a>                    <\/div>\n                    <div class=\"image-hover-wrap\">\n\t\t\t\t\t\t                            <ul class=\"icons-wrap block-style\">\n\t\t\t\t\t\t\t\t                                    <li class=\"eael-product-quick-view\">\n                                        <a id=\"eael_quick_view_69f286f65f034\" data-quickview-setting=\"{&quot;widget_id&quot;:&quot;726bdb4&quot;,&quot;product_id&quot;:2152,&quot;page_id&quot;:1661}\"\n                                           class=\"eael-product-grid-open-popup open-popup-link\">\n                                            <i class=\"fas fa-eye\"><\/i>\n                                        <\/a>\n                                    <\/li>\n\t\t\t\t\t\t\t\t\t\t\t\t\t\t\t\t\t\t\t\t\t\t\t\t                                <li class=\"view-details\"><a href=\"https:\/\/sauma.bio\/produit\/savon-au-lait-danesse-bio-argile-ylang-ylang\/\"><i class=\"fas fa-link\"><\/i><\/a><\/li>\n                                <li class=\"add-to-cart\"><a href=\"\/nov-apijson\/wp\/v2\/pages\/1661?add-to-cart=2152\" aria-describedby=\"woocommerce_loop_add_to_cart_link_describedby_2152\" data-quantity=\"1\" class=\"button product_type_simple add_to_cart_button ajax_add_to_cart\" data-product_id=\"2152\" data-product_sku=\"\" aria-label=\"Ajouter au panier\u00a0: &ldquo;Savon au lait d\u2019\u00e2nesse bio \u2013 Argile Ylang Ylang&rdquo;\" rel=\"nofollow\" data-success_message=\"\u00ab\u00a0Savon au lait d\u2019\u00e2nesse bio \u2013 Argile Ylang Ylang\u00a0\u00bb a \u00e9t\u00e9 ajout\u00e9 \u00e0 votre panier\" role=\"button\">Ajouter au panier<\/a>\t<span id=\"woocommerce_loop_add_to_cart_link_describedby_2152\" class=\"screen-reader-text\">\n\t\t\t<\/span>\n<\/li>\n                            <\/ul>\n\t\t\t\t\t\t                    <\/div>\n                <\/div>\n                <div class=\"product-details-wrap\">\n\t\t\t\t\t                    <div class=\"eael-product-title\">\n\t\t\t\t\t\t<a href=\"https:\/\/sauma.bio\/produit\/savon-au-lait-danesse-bio-argile-ylang-ylang\/\" class=\"woocommerce-LoopProduct-link woocommerce-loop-product__link\"><h3>Savon au lait d\u2019\u00e2nesse bio \u2013 Argile Ylang Ylang<\/h3><\/a>\t\t\t\t\t\t                    <\/div>\n\t\t\t\t\t<div class=\"eael-product-price\"><span class=\"woocommerce-Price-amount amount\"><bdi>6,50&nbsp;<span class=\"woocommerce-Price-currencySymbol\">&euro;<\/span><\/bdi><\/span><\/div>                <\/div>\n            <\/div>\n\t\t\t        <\/li>\n\t\t        <li class=\"product  post-2150 type-product status-publish has-post-thumbnail product_cat-savons product_cat-savons-solides first instock taxable shipping-taxable purchasable product-type-simple\">\n\t                    <div class=\"eael-product-wrap\">\n                <div class=\"product-image-wrap\">\n                    <div class=\"image-wrap\">\n\t\t\t\t\t\t<a href=\"https:\/\/sauma.bio\/produit\/savon-au-lait-danesse-bio-karite-bergamote\/\" class=\"woocommerce-LoopProduct-link woocommerce-loop-product__link\"><img decoding=\"async\" width=\"750\" height=\"750\" src=\"https:\/\/sauma.bio\/wp-content\/uploads\/2022\/06\/Bergamote-768x768.jpg\" class=\"attachment-medium_large size-medium_large\" alt=\"Savon au lait d\u2019\u00e2nesse bio \u2013 Karit\u00e9 Bergamote\" loading=\"eager\" \/><\/a>                    <\/div>\n                    <div class=\"image-hover-wrap\">\n\t\t\t\t\t\t                            <ul class=\"icons-wrap block-style\">\n\t\t\t\t\t\t\t\t                                    <li class=\"eael-product-quick-view\">\n                                        <a id=\"eael_quick_view_69f286f66119b\" data-quickview-setting=\"{&quot;widget_id&quot;:&quot;726bdb4&quot;,&quot;product_id&quot;:2150,&quot;page_id&quot;:1661}\"\n                                           class=\"eael-product-grid-open-popup open-popup-link\">\n                                            <i class=\"fas fa-eye\"><\/i>\n                                        <\/a>\n                                    <\/li>\n\t\t\t\t\t\t\t\t\t\t\t\t\t\t\t\t\t\t\t\t\t\t\t\t                                <li class=\"view-details\"><a href=\"https:\/\/sauma.bio\/produit\/savon-au-lait-danesse-bio-karite-bergamote\/\"><i class=\"fas fa-link\"><\/i><\/a><\/li>\n                                <li class=\"add-to-cart\"><a href=\"\/nov-apijson\/wp\/v2\/pages\/1661?add-to-cart=2150\" aria-describedby=\"woocommerce_loop_add_to_cart_link_describedby_2150\" data-quantity=\"1\" class=\"button product_type_simple add_to_cart_button ajax_add_to_cart\" data-product_id=\"2150\" data-product_sku=\"\" aria-label=\"Ajouter au panier\u00a0: &ldquo;Savon au lait d\u2019\u00e2nesse bio \u2013 Karit\u00e9 Bergamote&rdquo;\" rel=\"nofollow\" data-success_message=\"\u00ab\u00a0Savon au lait d\u2019\u00e2nesse bio \u2013 Karit\u00e9 Bergamote\u00a0\u00bb a \u00e9t\u00e9 ajout\u00e9 \u00e0 votre panier\" role=\"button\">Ajouter au panier<\/a>\t<span id=\"woocommerce_loop_add_to_cart_link_describedby_2150\" class=\"screen-reader-text\">\n\t\t\t<\/span>\n<\/li>\n                            <\/ul>\n\t\t\t\t\t\t                    <\/div>\n                <\/div>\n                <div class=\"product-details-wrap\">\n\t\t\t\t\t                    <div class=\"eael-product-title\">\n\t\t\t\t\t\t<a href=\"https:\/\/sauma.bio\/produit\/savon-au-lait-danesse-bio-karite-bergamote\/\" class=\"woocommerce-LoopProduct-link woocommerce-loop-product__link\"><h3>Savon au lait d\u2019\u00e2nesse bio \u2013 Karit\u00e9 Bergamote<\/h3><\/a>\t\t\t\t\t\t                    <\/div>\n\t\t\t\t\t<div class=\"eael-product-price\"><span class=\"woocommerce-Price-amount amount\"><bdi>6,50&nbsp;<span class=\"woocommerce-Price-currencySymbol\">&euro;<\/span><\/bdi><\/span><\/div>                <\/div>\n            <\/div>\n\t\t\t        <\/li>\n\t\t<\/ul>            <\/div>\n        <\/div>\n\n        <script type=\"text\/javascript\">\n            jQuery(document).ready(function($) {\n                var $scope = jQuery(\".elementor-element-726bdb4\");\n                var $products = $('.products', $scope);\n                var $layout_mode = $products.data('layout-mode');\n                \n                if ( $layout_mode === 'masonry' ) {\n                    \/\/ init isotope\n                    var $isotope_products = $products.isotope({\n                        itemSelector: \"li.product\",\n                        layoutMode: $layout_mode,\n                        percentPosition: true\n                    });\n\n                    $isotope_products.imagesLoaded().progress( function() {\n                        $isotope_products.isotope('layout');\n                    })\n\n                    $(window).on('resize', function() {\n                        $isotope_products.isotope('layout');\n                    });\n                }\n            });\n        <\/script>\n        \t\t<\/div>\n\t\t\t\t<\/div>\n\t\t\t\t\t\t<\/div>\n\t\t\t\t\t<\/div>\n\t\t<\/div>\n\t\t\t\t\t\t\t\t<\/div>\n\t\t\t\t\t<\/div>\n\t\t<\/section>\n\t\t\t\t<section class=\"elementor-section elementor-top-section elementor-element elementor-element-b593779 elementor-section-boxed elementor-section-height-default elementor-section-height-default\" data-id=\"b593779\" data-element_type=\"section\">\n\t\t\t\t\t\t<div class=\"elementor-container elementor-column-gap-default\">\n\t\t\t\t\t\t\t<div class=\"elementor-row\">\n\t\t\t\t\t<div class=\"elementor-column elementor-col-100 elementor-top-column elementor-element elementor-element-a26d616\" data-id=\"a26d616\" data-element_type=\"column\">\n\t\t\t<div class=\"elementor-column-wrap elementor-element-populated\">\n\t\t\t\t\t\t\t<div class=\"elementor-widget-wrap\">\n\t\t\t\t\t\t<div class=\"elementor-element elementor-element-570cba8 animated-slow elementor-invisible elementor-widget elementor-widget-heading\" data-id=\"570cba8\" data-element_type=\"widget\" data-settings=\"{&quot;_animation&quot;:&quot;fadeIn&quot;}\" data-widget_type=\"heading.default\">\n\t\t\t\t<div class=\"elementor-widget-container\">\n\t\t\t<h2 class=\"elementor-heading-title elementor-size-default\">Les bienfaits naturels et anti-\u00e2ge du savon au lait d\u2019\u00e2nesse bio<\/h2>\t\t<\/div>\n\t\t\t\t<\/div>\n\t\t\t\t<div class=\"elementor-element elementor-element-3694dc5 elementor-widget elementor-widget-text-editor\" data-id=\"3694dc5\" data-element_type=\"widget\" data-widget_type=\"text-editor.default\">\n\t\t\t\t<div class=\"elementor-widget-container\">\n\t\t\t\t\t\t\t\t<div class=\"elementor-text-editor elementor-clearfix\">\n\t\t\t\t<p>Depuis l\u2019Antiquit\u00e9, le lait d\u2019\u00e2nesse est reconnu comme un tr\u00e9sor de beaut\u00e9. Sa<b> composition riche en vitamines <\/b>(A, B1, B6, C, D, E), acides gras essentiels et min\u00e9raux en fait un alli\u00e9 naturel pour nourrir, hydrater, apaiser et r\u00e9g\u00e9n\u00e9rer la peau. Le savon bio au lait d\u2019\u00e2nesse allie douceur, efficacit\u00e9 et s\u00e9curit\u00e9, adapt\u00e9 \u00e0 toute la famille.<\/p>\t\t\t\t\t<\/div>\n\t\t\t\t\t\t<\/div>\n\t\t\t\t<\/div>\n\t\t\t\t<div class=\"elementor-element elementor-element-b6f04e4 animated-slow elementor-invisible elementor-widget elementor-widget-heading\" data-id=\"b6f04e4\" data-element_type=\"widget\" data-settings=\"{&quot;_animation&quot;:&quot;fadeIn&quot;}\" data-widget_type=\"heading.default\">\n\t\t\t\t<div class=\"elementor-widget-container\">\n\t\t\t<h3 class=\"elementor-heading-title elementor-size-default\">Pourquoi choisir un savon au lait d\u2019\u00e2nesse ?<\/h3>\t\t<\/div>\n\t\t\t\t<\/div>\n\t\t\t\t<div class=\"elementor-element elementor-element-c9cb1ba elementor-widget elementor-widget-text-editor\" data-id=\"c9cb1ba\" data-element_type=\"widget\" data-widget_type=\"text-editor.default\">\n\t\t\t\t<div class=\"elementor-widget-container\">\n\t\t\t\t\t\t\t\t<div class=\"elementor-text-editor elementor-clearfix\">\n\t\t\t\t<p>Le savon au lait d\u2019\u00e2nesse se distingue par ses multiples avantages pour la peau. Riche en vitamines, acides gras essentiels et min\u00e9raux, il nourrit et hydrate en profondeur, tout en prot\u00e9geant la barri\u00e8re cutan\u00e9e. Son <b>effet<\/b> <b>tenseur<\/b> <b>naturel<\/b> et ses <b>antioxydants<\/b> contribuent \u00e0 limiter les signes de l\u2019\u00e2ge et \u00e0 pr\u00e9server la fermet\u00e9 et l\u2019\u00e9clat de la peau. Adapt\u00e9 \u00e0 tous les types de peau, il convient aux b\u00e9b\u00e9s, enfants, adolescents et adultes. L\u2019exp\u00e9rience sensorielle qu\u2019il procure, avec sa texture douce et sa mousse onctueuse, transforme la toilette en un v\u00e9ritable moment de bien-\u00eatre.<\/p>\t\t\t\t\t<\/div>\n\t\t\t\t\t\t<\/div>\n\t\t\t\t<\/div>\n\t\t\t\t<div class=\"elementor-element elementor-element-dacf568 animated-slow elementor-invisible elementor-widget elementor-widget-heading\" data-id=\"dacf568\" data-element_type=\"widget\" data-settings=\"{&quot;_animation&quot;:&quot;fadeIn&quot;}\" data-widget_type=\"heading.default\">\n\t\t\t\t<div class=\"elementor-widget-container\">\n\t\t\t<h3 class=\"elementor-heading-title elementor-size-default\">Hydratation et nutrition de la peau<\/h3>\t\t<\/div>\n\t\t\t\t<\/div>\n\t\t\t\t<div class=\"elementor-element elementor-element-60ef10f elementor-widget elementor-widget-text-editor\" data-id=\"60ef10f\" data-element_type=\"widget\" data-widget_type=\"text-editor.default\">\n\t\t\t\t<div class=\"elementor-widget-container\">\n\t\t\t\t\t\t\t\t<div class=\"elementor-text-editor elementor-clearfix\">\n\t\t\t\t<p>Le lait d\u2019\u00e2nesse contient un cocktail naturel de vitamines et d\u2019oligo\u00e9l\u00e9ments qui : nourrissent la peau, pr\u00e9viennent la s\u00e9cheresse et renforcent la barri\u00e8re cutan\u00e9e. Cette composition unique r\u00e9pare l\u2019\u00e9piderme en profondeur, apporte souplesse et confort, et favorise un teint \u00e9clatant. Les utilisateurs constatent rapidement une am\u00e9lioration de la texture et de la douceur de la peau.<\/p><p>Les peaux sensibles, sujettes aux rougeurs ou aux irritations, trouvent dans ce savon un alli\u00e9 pr\u00e9cieux. Les prot\u00e9ines et lysozymes contenus dans le lait d\u2019\u00e2nesse apaisent les irritations et stimulent la r\u00e9g\u00e9n\u00e9ration cellulaire. Ainsi, les personnes souffrant d\u2019ecz\u00e9ma, psoriasis ou acn\u00e9 peuvent l\u2019int\u00e9grer en toute s\u00e9curit\u00e9 \u00e0 leur routine quotidienne.<\/p>\t\t\t\t\t<\/div>\n\t\t\t\t\t\t<\/div>\n\t\t\t\t<\/div>\n\t\t\t\t<div class=\"elementor-element elementor-element-375e0ba animated-slow elementor-invisible elementor-widget elementor-widget-heading\" data-id=\"375e0ba\" data-element_type=\"widget\" data-settings=\"{&quot;_animation&quot;:&quot;fadeIn&quot;}\" data-widget_type=\"heading.default\">\n\t\t\t\t<div class=\"elementor-widget-container\">\n\t\t\t<h3 class=\"elementor-heading-title elementor-size-default\">Propri\u00e9t\u00e9s anti-\u00e2ge et effet tenseur<\/h3>\t\t<\/div>\n\t\t\t\t<\/div>\n\t\t\t\t<div class=\"elementor-element elementor-element-590c437 elementor-widget elementor-widget-text-editor\" data-id=\"590c437\" data-element_type=\"widget\" data-widget_type=\"text-editor.default\">\n\t\t\t\t<div class=\"elementor-widget-container\">\n\t\t\t\t\t\t\t\t<div class=\"elementor-text-editor elementor-clearfix\">\n\t\t\t\t<p><b>Riche en antioxydants naturels<\/b>, le savon au lait d\u2019\u00e2nesse aide \u00e0 stimuler la synth\u00e8se de collag\u00e8ne, \u00e0 lisser l\u2019\u00e9piderme et \u00e0 pr\u00e9venir l\u2019apparition des ridules. Les femmes plus \u00e2g\u00e9es constatent souvent un raffermissement visible de la peau apr\u00e8s quelques semaines d\u2019utilisation r\u00e9guli\u00e8re. Ce soin naturel permet de combiner tradition et efficacit\u00e9 moderne, en offrant des r\u00e9sultats visibles au quotidien.<\/p>\t\t\t\t\t<\/div>\n\t\t\t\t\t\t<\/div>\n\t\t\t\t<\/div>\n\t\t\t\t<div class=\"elementor-element elementor-element-1c9dea1 animated-slow elementor-invisible elementor-widget elementor-widget-heading\" data-id=\"1c9dea1\" data-element_type=\"widget\" data-settings=\"{&quot;_animation&quot;:&quot;fadeIn&quot;}\" data-widget_type=\"heading.default\">\n\t\t\t\t<div class=\"elementor-widget-container\">\n\t\t\t<h3 class=\"elementor-heading-title elementor-size-default\">Adapt\u00e9 \u00e0 tous types et \u00e2ges de peau<\/h3>\t\t<\/div>\n\t\t\t\t<\/div>\n\t\t\t\t<div class=\"elementor-element elementor-element-185d0ec elementor-widget elementor-widget-text-editor\" data-id=\"185d0ec\" data-element_type=\"widget\" data-widget_type=\"text-editor.default\">\n\t\t\t\t<div class=\"elementor-widget-container\">\n\t\t\t\t\t\t\t\t<div class=\"elementor-text-editor elementor-clearfix\">\n\t\t\t\t<p>Contrairement \u00e0 certains soins cibl\u00e9s, le savon au lait d\u2019\u00e2nesse s\u2019adapte parfaitement aux besoins de chacun. Il convient aussi bien aux enfants qu\u2019aux adultes et aux seniors, aux peaux s\u00e8ches, mixtes, grasses ou matures. Cette polyvalence en fait un produit unique, facile \u00e0 int\u00e9grer dans la routine beaut\u00e9 de toute la famille.<\/p>\t\t\t\t\t<\/div>\n\t\t\t\t\t\t<\/div>\n\t\t\t\t<\/div>\n\t\t\t\t<div class=\"elementor-element elementor-element-6867ea9 animated-slow elementor-invisible elementor-widget elementor-widget-heading\" data-id=\"6867ea9\" data-element_type=\"widget\" data-settings=\"{&quot;_animation&quot;:&quot;fadeIn&quot;}\" data-widget_type=\"heading.default\">\n\t\t\t\t<div class=\"elementor-widget-container\">\n\t\t\t<h3 class=\"elementor-heading-title elementor-size-default\">Fabrication artisanale et biologique<\/h3>\t\t<\/div>\n\t\t\t\t<\/div>\n\t\t\t\t<div class=\"elementor-element elementor-element-a13b7c5 elementor-widget elementor-widget-text-editor\" data-id=\"a13b7c5\" data-element_type=\"widget\" data-widget_type=\"text-editor.default\">\n\t\t\t\t<div class=\"elementor-widget-container\">\n\t\t\t\t\t\t\t\t<div class=\"elementor-text-editor elementor-clearfix\">\n\t\t\t\t<p>La qualit\u00e9 du savon repose sur son savoir-faire artisanal et biologique. Le<b><a href=\"https:\/\/sauma.bio\/lait-anesse\/\"> lait d\u2019\u00e2nesse<\/a> utilis\u00e9 est frais, bio et certifi\u00e9 <\/b>par des organismes reconnus. Les ma\u00eetres savonniers s\u00e9lectionnent \u00e9galement des ingr\u00e9dients naturels compl\u00e9mentaires, tels que le beurre de karit\u00e9, le miel, les huiles v\u00e9g\u00e9tales et les extraits de plantes, pour renforcer l\u2019efficacit\u00e9 et la douceur du savon.<\/p><p>La fabrication respecte strictement l\u2019\u00e9thique et l\u2019environnement : les \u00e9levages privil\u00e9gient le bien-\u00eatre des \u00e2nesses, l\u2019impact \u00e9cologique est r\u00e9duit et les emballages sont recyclables ou biod\u00e9gradables. Les savons sont sans parab\u00e8nes, sans conservateurs agressifs et non test\u00e9s sur les animaux, garantissant s\u00e9curit\u00e9 et qualit\u00e9.<\/p><p>Les savons contiennent des taux \u00e9lev\u00e9s de lait d\u2019\u00e2nesse, parfois jusqu\u2019\u00e0 40 %, offrant une hydratation imm\u00e9diate et durable, un confort optimal et une action multi-b\u00e9n\u00e9fices. Ils peuvent \u00eatre utilis\u00e9s sur le visage, le corps et m\u00eame les cheveux, et sont adapt\u00e9s aux routines quotidiennes de soin.<\/p>\t\t\t\t\t<\/div>\n\t\t\t\t\t\t<\/div>\n\t\t\t\t<\/div>\n\t\t\t\t<div class=\"elementor-element elementor-element-9da7149 animated-slow elementor-invisible elementor-widget elementor-widget-heading\" data-id=\"9da7149\" data-element_type=\"widget\" data-settings=\"{&quot;_animation&quot;:&quot;fadeIn&quot;}\" data-widget_type=\"heading.default\">\n\t\t\t\t<div class=\"elementor-widget-container\">\n\t\t\t<h3 class=\"elementor-heading-title elementor-size-default\">Gamme compl\u00e8te et adapt\u00e9e aux besoins sp\u00e9cifiques<\/h3>\t\t<\/div>\n\t\t\t\t<\/div>\n\t\t\t\t<div class=\"elementor-element elementor-element-e9fd3dd elementor-widget elementor-widget-text-editor\" data-id=\"e9fd3dd\" data-element_type=\"widget\" data-widget_type=\"text-editor.default\">\n\t\t\t\t<div class=\"elementor-widget-container\">\n\t\t\t\t\t\t\t\t<div class=\"elementor-text-editor elementor-clearfix\">\n\t\t\t\t<p>La collection de savons au lait d\u2019\u00e2nesse propose diff\u00e9rentes gammes pour r\u00e9pondre aux attentes de chacun :<br \/>\u2022 Soins quotidiens pour tous types de peau<br \/>\u2022 Peaux sensibles ou atopiques, incluant b\u00e9b\u00e9s et enfants<br \/>\u2022 Peaux matures, anti-\u00e2ge<br \/>\u2022 Peaux sujettes aux imperfections ou agressions environnementales<\/p><p>Cette diversit\u00e9 permet \u00e0 chacun de trouver le produit id\u00e9al, en toute confiance.<\/p>\t\t\t\t\t<\/div>\n\t\t\t\t\t\t<\/div>\n\t\t\t\t<\/div>\n\t\t\t\t<div class=\"elementor-element elementor-element-f3d024d animated-slow elementor-invisible elementor-widget elementor-widget-heading\" data-id=\"f3d024d\" data-element_type=\"widget\" data-settings=\"{&quot;_animation&quot;:&quot;fadeIn&quot;}\" data-widget_type=\"heading.default\">\n\t\t\t\t<div class=\"elementor-widget-container\">\n\t\t\t<h3 class=\"elementor-heading-title elementor-size-default\">Exp\u00e9rience sensorielle et rituel de soin<\/h3>\t\t<\/div>\n\t\t\t\t<\/div>\n\t\t\t\t<div class=\"elementor-element elementor-element-38d25df elementor-widget elementor-widget-text-editor\" data-id=\"38d25df\" data-element_type=\"widget\" data-widget_type=\"text-editor.default\">\n\t\t\t\t<div class=\"elementor-widget-container\">\n\t\t\t\t\t\t\t\t<div class=\"elementor-text-editor elementor-clearfix\">\n\t\t\t\t<p>Au-del\u00e0 des bienfaits, le savon transforme la toilette quotidienne en un rituel de bien-\u00eatre. Sa mousse cr\u00e9meuse et ses parfums naturels (miel, argan, fleurs, verveine) procurent un moment agr\u00e9able et relaxant. En int\u00e9grant ce savon dans une routine compl\u00e8te avec une cr\u00e8me hydratante bio ou un baume r\u00e9parateur, l\u2019effet sur la peau est maximis\u00e9.<\/p><p>Chaque savon b\u00e9n\u00e9ficie d\u2019une tra\u00e7abilit\u00e9 compl\u00e8te et d\u2019une transparence totale sur ses ingr\u00e9dients. Les normes strictes garantissent l\u2019absence de substances nocives et confirment l\u2019engagement pour une <a href=\"https:\/\/sauma.bio\/cosmetiques-lait-anesse\/\"><strong>cosm\u00e9tique responsable<\/strong><\/a>, naturelle et s\u00fbre.<\/p><p>Offrez \u00e0 votre peau le soin qu\u2019elle m\u00e9rite avec <strong>nos savons au lait d\u2019\u00e2nesse bio<\/strong>. D\u00e9couvrez la gamme compl\u00e8te d\u00e8s aujourd\u2019hui et int\u00e9grez un rituel de soin naturel, efficace et agr\u00e9able dans votre quotidien.<\/p>\t\t\t\t\t<\/div>\n\t\t\t\t\t\t<\/div>\n\t\t\t\t<\/div>\n\t\t\t\t\t\t<\/div>\n\t\t\t\t\t<\/div>\n\t\t<\/div>\n\t\t\t\t\t\t\t\t<\/div>\n\t\t\t\t\t<\/div>\n\t\t<\/section>\n\t\t\t\t\t\t<\/div>\n\t\t\t\t\t\t<\/div>\n\t\t\t\t\t<\/div>\n\t\t","protected":false},"excerpt":{"rendered":"<p>Savons lait d&rsquo;\u00e2nesse D\u00e9couvrez notre gamme de savons biologiques au lait d\u2019\u00e2nesse Sauma, notre marque de cosm\u00e9tiques au lait d\u2019\u00e2nesse bio, vous propose des savons \u00e0 base de lait d\u2019\u00e2nesse bio de montagne. D\u00e9couvrez d\u00e8s maintenant toutes les vertus bienfaisantes de notre lait d\u2019\u00e2nesse issu de l\u2019agriculture biologique que nous [&hellip;]<\/p>\n","protected":false},"author":27,"featured_media":0,"parent":0,"menu_order":0,"comment_status":"closed","ping_status":"closed","template":"elementor_header_footer","meta":{"_acf_changed":false,"footnotes":""},"class_list":["post-1661","page","type-page","status-publish","hentry"],"acf":[],"aioseo_notices":[],"aioseo_head":"\n\t\t<!-- All in One SEO Pro 4.9.6.2 - aioseo.com -->\n\t<meta name=\"description\" content=\"Savon solide au lait d\u2019\u00e2nesse bio, parfum Karit\u00e9 Bergamote, hydrate, purifie et apaise tous types de peau. Livraison rapide !\" \/>\n\t<meta name=\"robots\" content=\"max-snippet:-1, max-image-preview:large, max-video-preview:-1\" \/>\n\t<meta name=\"google-site-verification\" content=\"xPku4beK6WDWi9rkdFoifomWtYPA0UBVsrA4muNTjZM\" \/>\n\t<link rel=\"canonical\" href=\"https:\/\/sauma.bio\/produit\/savon-au-lait-danesse-bio-karite-bergamote\/\" \/>\n\t<meta name=\"generator\" content=\"All in One SEO Pro (AIOSEO) 4.9.6.2\" \/>\n\n\t\t<!-- Global site tag (gtag.js) - Google Analytics -->\n<script async src=\"https:\/\/www.googletagmanager.com\/gtag\/js?id=G-095NGNVWLJ\"><\/script>\n<script>\n window.dataLayer = window.dataLayer || [];\n function gtag(){dataLayer.push(arguments);}\n gtag('js', new Date());\n\n gtag('config', 'G-095NGNVWLJ');\n<\/script>\n\t\t<meta property=\"og:locale\" content=\"fr_FR\" \/>\n\t\t<meta property=\"og:site_name\" content=\"NOWA\" \/>\n\t\t<meta property=\"og:type\" content=\"article\" \/>\n\t\t<meta property=\"og:title\" content=\"Savon au lait d\u2019\u00e2nesse bio \u2013 Karit\u00e9 Bergamote | Sauma Bio\" \/>\n\t\t<meta property=\"og:description\" content=\"Savon solide au lait d\u2019\u00e2nesse bio, parfum Karit\u00e9 Bergamote, hydrate, purifie et apaise tous types de peau. Livraison rapide !\" \/>\n\t\t<meta property=\"og:url\" content=\"https:\/\/sauma.bio\/produit\/savon-au-lait-danesse-bio-karite-bergamote\/\" \/>\n\t\t<meta property=\"og:image\" content=\"https:\/\/sauma.bio\/wp-content\/uploads\/2022\/06\/Bergamote-scaled.jpg\" \/>\n\t\t<meta property=\"og:image:secure_url\" content=\"https:\/\/sauma.bio\/wp-content\/uploads\/2022\/06\/Bergamote-scaled.jpg\" \/>\n\t\t<meta property=\"og:image:width\" content=\"2560\" \/>\n\t\t<meta property=\"og:image:height\" content=\"2560\" \/>\n\t\t<meta property=\"article:published_time\" content=\"2022-05-05T15:31:53+00:00\" \/>\n\t\t<meta property=\"article:modified_time\" content=\"2025-11-17T12:12:34+00:00\" \/>\n\t\t<meta property=\"article:publisher\" content=\"https:\/\/www.facebook.com\/asineriedelescun#\" \/>\n\t\t<meta name=\"twitter:card\" content=\"summary\" \/>\n\t\t<meta name=\"twitter:title\" content=\"Savon au lait d\u2019\u00e2nesse bio \u2013 Karit\u00e9 Bergamote | Sauma Bio\" \/>\n\t\t<meta name=\"twitter:description\" content=\"Savon solide au lait d\u2019\u00e2nesse bio, parfum Karit\u00e9 Bergamote, hydrate, purifie et apaise tous types de peau. Livraison rapide !\" \/>\n\t\t<meta name=\"twitter:image\" content=\"https:\/\/sauma.bio\/wp-content\/uploads\/2022\/06\/Bergamote-scaled.jpg\" \/>\n\t\t<script type=\"application\/ld+json\" class=\"aioseo-schema\">\n\t\t\t{\"@context\":\"https:\\\/\\\/schema.org\",\"@graph\":[{\"@type\":\"BreadcrumbList\",\"@id\":\"https:\\\/\\\/sauma.bio\\\/produit\\\/savon-au-lait-danesse-bio-karite-bergamote\\\/#breadcrumblist\",\"itemListElement\":[{\"@type\":\"ListItem\",\"@id\":\"https:\\\/\\\/sauma.bio#listItem\",\"position\":1,\"name\":\"Home\",\"item\":\"https:\\\/\\\/sauma.bio\",\"nextItem\":{\"@type\":\"ListItem\",\"@id\":\"https:\\\/\\\/sauma.bio\\\/savon-lait-anesse\\\/#listItem\",\"name\":\"Savons\"}},{\"@type\":\"ListItem\",\"@id\":\"https:\\\/\\\/sauma.bio\\\/savon-lait-anesse\\\/#listItem\",\"position\":2,\"name\":\"Savons\",\"previousItem\":{\"@type\":\"ListItem\",\"@id\":\"https:\\\/\\\/sauma.bio#listItem\",\"name\":\"Home\"}}]},{\"@type\":\"ItemPage\",\"@id\":\"https:\\\/\\\/sauma.bio\\\/produit\\\/savon-au-lait-danesse-bio-karite-bergamote\\\/#itempage\",\"url\":\"https:\\\/\\\/sauma.bio\\\/produit\\\/savon-au-lait-danesse-bio-karite-bergamote\\\/\",\"name\":\"Savon au lait d\\u2019\\u00e2nesse bio \\u2013 Karit\\u00e9 Bergamote | Sauma Bio\",\"description\":\"Savon solide au lait d\\u2019\\u00e2nesse bio, parfum Karit\\u00e9 Bergamote, hydrate, purifie et apaise tous types de peau. Livraison rapide !\",\"inLanguage\":\"fr-FR\",\"isPartOf\":{\"@id\":\"https:\\\/\\\/sauma.bio\\\/#website\"},\"breadcrumb\":{\"@id\":\"https:\\\/\\\/sauma.bio\\\/produit\\\/savon-au-lait-danesse-bio-karite-bergamote\\\/#breadcrumblist\"},\"image\":{\"@type\":\"ImageObject\",\"url\":\"https:\\\/\\\/sauma.bio\\\/wp-content\\\/uploads\\\/2022\\\/06\\\/Bergamote-scaled.jpg\",\"@id\":\"https:\\\/\\\/sauma.bio\\\/produit\\\/savon-au-lait-danesse-bio-karite-bergamote\\\/#mainImage\",\"width\":2560,\"height\":2560},\"primaryImageOfPage\":{\"@id\":\"https:\\\/\\\/sauma.bio\\\/produit\\\/savon-au-lait-danesse-bio-karite-bergamote\\\/#mainImage\"},\"datePublished\":\"2022-05-05T17:31:53+02:00\",\"dateModified\":\"2025-11-17T13:12:34+01:00\"},{\"@type\":\"Organization\",\"@id\":\"https:\\\/\\\/sauma.bio\\\/#organization\",\"name\":\"Sauma Cosm\\u00e9tiques au lait d\\u2019\\u00e2nesse bio\",\"description\":\"Sauma est avant tout notre asinerie sans laquelle ce projet n\\u2019aurait pas pu voir le jour. Nous mettons un point d\\u2019honneur \\u00e0 vous proposer des produits de qualit\\u00e9, enti\\u00e8rement fabriqu\\u00e9s en France dans le Sud-Ouest par une savonni\\u00e8re qualifi\\u00e9e.\",\"url\":\"https:\\\/\\\/sauma.bio\\\/\",\"telephone\":\"+33785255438\",\"logo\":{\"@type\":\"ImageObject\",\"url\":\"https:\\\/\\\/sauma.bio\\\/wp-content\\\/uploads\\\/2020\\\/02\\\/logof.png\",\"@id\":\"https:\\\/\\\/sauma.bio\\\/produit\\\/savon-au-lait-danesse-bio-karite-bergamote\\\/#organizationLogo\",\"width\":239,\"height\":131},\"image\":{\"@id\":\"https:\\\/\\\/sauma.bio\\\/produit\\\/savon-au-lait-danesse-bio-karite-bergamote\\\/#organizationLogo\"},\"sameAs\":[\"https:\\\/\\\/www.instagram.com\\\/asinerie_lescun\\\/\"]},{\"@type\":\"WebPage\",\"@id\":\"https:\\\/\\\/sauma.bio\\\/produit\\\/savon-au-lait-danesse-bio-karite-bergamote\\\/#webpage\",\"url\":\"https:\\\/\\\/sauma.bio\\\/produit\\\/savon-au-lait-danesse-bio-karite-bergamote\\\/\",\"name\":\"Savon au lait d\\u2019\\u00e2nesse bio \\u2013 Karit\\u00e9 Bergamote | Sauma Bio\",\"description\":\"Savon solide au lait d\\u2019\\u00e2nesse bio, parfum Karit\\u00e9 Bergamote, hydrate, purifie et apaise tous types de peau. Livraison rapide !\",\"inLanguage\":\"fr-FR\",\"isPartOf\":{\"@id\":\"https:\\\/\\\/sauma.bio\\\/#website\"},\"breadcrumb\":{\"@id\":\"https:\\\/\\\/sauma.bio\\\/produit\\\/savon-au-lait-danesse-bio-karite-bergamote\\\/#breadcrumblist\"},\"image\":{\"@type\":\"ImageObject\",\"url\":\"https:\\\/\\\/sauma.bio\\\/wp-content\\\/uploads\\\/2022\\\/06\\\/Bergamote-scaled.jpg\",\"@id\":\"https:\\\/\\\/sauma.bio\\\/produit\\\/savon-au-lait-danesse-bio-karite-bergamote\\\/#mainImage\",\"width\":2560,\"height\":2560},\"primaryImageOfPage\":{\"@id\":\"https:\\\/\\\/sauma.bio\\\/produit\\\/savon-au-lait-danesse-bio-karite-bergamote\\\/#mainImage\"},\"datePublished\":\"2022-05-05T17:31:53+02:00\",\"dateModified\":\"2025-11-17T13:12:34+01:00\"},{\"@type\":\"WebSite\",\"@id\":\"https:\\\/\\\/sauma.bio\\\/#website\",\"url\":\"https:\\\/\\\/sauma.bio\\\/\",\"name\":\"SAUMA BIO\",\"description\":\"SAUMA BIO\",\"inLanguage\":\"fr-FR\",\"publisher\":{\"@id\":\"https:\\\/\\\/sauma.bio\\\/#organization\"}}]}\n\t\t<\/script>\n\t\t<!-- All in One SEO Pro -->\r\n\t\t<title>Savon au lait d\u2019\u00e2nesse bio \u2013 Karit\u00e9 Bergamote | Sauma Bio<\/title>\n\n","aioseo_head_json":{"title":"Savon au lait d\u2019\u00e2nesse bio \u2013 Karit\u00e9 Bergamote | Sauma Bio","description":"Savon solide au lait d\u2019\u00e2nesse bio, parfum Karit\u00e9 Bergamote, hydrate, purifie et apaise tous types de peau. Livraison rapide !","canonical_url":"https:\/\/sauma.bio\/produit\/savon-au-lait-danesse-bio-karite-bergamote\/","robots":"max-snippet:-1, max-image-preview:large, max-video-preview:-1","keywords":"","webmasterTools":{"google-site-verification":"xPku4beK6WDWi9rkdFoifomWtYPA0UBVsrA4muNTjZM","miscellaneous":"&lt;!-- Global site tag (gtag.js) - Google Analytics --&gt;\n&lt;script async src=\"https:\/\/www.googletagmanager.com\/gtag\/js?id=G-095NGNVWLJ\"&gt;&lt;\/script&gt;\n&lt;script&gt;\n window.dataLayer = window.dataLayer || [];\n function gtag(){dataLayer.push(arguments);}\n gtag('js', new Date());\n\n gtag('config', 'G-095NGNVWLJ');\n&lt;\/script&gt;"},"schema":{"@context":"https:\/\/schema.org","@graph":[{"@type":"BreadcrumbList","@id":"https:\/\/sauma.bio\/produit\/savon-au-lait-danesse-bio-karite-bergamote\/#breadcrumblist","itemListElement":[{"@type":"ListItem","@id":"https:\/\/sauma.bio#listItem","position":1,"name":"Home","item":"https:\/\/sauma.bio","nextItem":{"@type":"ListItem","@id":"https:\/\/sauma.bio\/savon-lait-anesse\/#listItem","name":"Savons"}},{"@type":"ListItem","@id":"https:\/\/sauma.bio\/savon-lait-anesse\/#listItem","position":2,"name":"Savons","previousItem":{"@type":"ListItem","@id":"https:\/\/sauma.bio#listItem","name":"Home"}}]},{"@type":"ItemPage","@id":"https:\/\/sauma.bio\/produit\/savon-au-lait-danesse-bio-karite-bergamote\/#itempage","url":"https:\/\/sauma.bio\/produit\/savon-au-lait-danesse-bio-karite-bergamote\/","name":"Savon au lait d\u2019\u00e2nesse bio \u2013 Karit\u00e9 Bergamote | Sauma Bio","description":"Savon solide au lait d\u2019\u00e2nesse bio, parfum Karit\u00e9 Bergamote, hydrate, purifie et apaise tous types de peau. Livraison rapide !","inLanguage":"fr-FR","isPartOf":{"@id":"https:\/\/sauma.bio\/#website"},"breadcrumb":{"@id":"https:\/\/sauma.bio\/produit\/savon-au-lait-danesse-bio-karite-bergamote\/#breadcrumblist"},"image":{"@type":"ImageObject","url":"https:\/\/sauma.bio\/wp-content\/uploads\/2022\/06\/Bergamote-scaled.jpg","@id":"https:\/\/sauma.bio\/produit\/savon-au-lait-danesse-bio-karite-bergamote\/#mainImage","width":2560,"height":2560},"primaryImageOfPage":{"@id":"https:\/\/sauma.bio\/produit\/savon-au-lait-danesse-bio-karite-bergamote\/#mainImage"},"datePublished":"2022-05-05T17:31:53+02:00","dateModified":"2025-11-17T13:12:34+01:00"},{"@type":"Organization","@id":"https:\/\/sauma.bio\/#organization","name":"Sauma Cosm\u00e9tiques au lait d\u2019\u00e2nesse bio","description":"Sauma est avant tout notre asinerie sans laquelle ce projet n\u2019aurait pas pu voir le jour. Nous mettons un point d\u2019honneur \u00e0 vous proposer des produits de qualit\u00e9, enti\u00e8rement fabriqu\u00e9s en France dans le Sud-Ouest par une savonni\u00e8re qualifi\u00e9e.","url":"https:\/\/sauma.bio\/","telephone":"+33785255438","logo":{"@type":"ImageObject","url":"https:\/\/sauma.bio\/wp-content\/uploads\/2020\/02\/logof.png","@id":"https:\/\/sauma.bio\/produit\/savon-au-lait-danesse-bio-karite-bergamote\/#organizationLogo","width":239,"height":131},"image":{"@id":"https:\/\/sauma.bio\/produit\/savon-au-lait-danesse-bio-karite-bergamote\/#organizationLogo"},"sameAs":["https:\/\/www.instagram.com\/asinerie_lescun\/"]},{"@type":"WebPage","@id":"https:\/\/sauma.bio\/produit\/savon-au-lait-danesse-bio-karite-bergamote\/#webpage","url":"https:\/\/sauma.bio\/produit\/savon-au-lait-danesse-bio-karite-bergamote\/","name":"Savon au lait d\u2019\u00e2nesse bio \u2013 Karit\u00e9 Bergamote | Sauma Bio","description":"Savon solide au lait d\u2019\u00e2nesse bio, parfum Karit\u00e9 Bergamote, hydrate, purifie et apaise tous types de peau. Livraison rapide !","inLanguage":"fr-FR","isPartOf":{"@id":"https:\/\/sauma.bio\/#website"},"breadcrumb":{"@id":"https:\/\/sauma.bio\/produit\/savon-au-lait-danesse-bio-karite-bergamote\/#breadcrumblist"},"image":{"@type":"ImageObject","url":"https:\/\/sauma.bio\/wp-content\/uploads\/2022\/06\/Bergamote-scaled.jpg","@id":"https:\/\/sauma.bio\/produit\/savon-au-lait-danesse-bio-karite-bergamote\/#mainImage","width":2560,"height":2560},"primaryImageOfPage":{"@id":"https:\/\/sauma.bio\/produit\/savon-au-lait-danesse-bio-karite-bergamote\/#mainImage"},"datePublished":"2022-05-05T17:31:53+02:00","dateModified":"2025-11-17T13:12:34+01:00"},{"@type":"WebSite","@id":"https:\/\/sauma.bio\/#website","url":"https:\/\/sauma.bio\/","name":"SAUMA BIO","description":"SAUMA BIO","inLanguage":"fr-FR","publisher":{"@id":"https:\/\/sauma.bio\/#organization"}}]},"og:locale":"fr_FR","og:site_name":"NOWA","og:type":"article","og:title":"Savon au lait d\u2019\u00e2nesse bio \u2013 Karit\u00e9 Bergamote | Sauma Bio","og:description":"Savon solide au lait d\u2019\u00e2nesse bio, parfum Karit\u00e9 Bergamote, hydrate, purifie et apaise tous types de peau. Livraison rapide !","og:url":"https:\/\/sauma.bio\/produit\/savon-au-lait-danesse-bio-karite-bergamote\/","og:image":"https:\/\/sauma.bio\/wp-content\/uploads\/2022\/06\/Bergamote-scaled.jpg","og:image:secure_url":"https:\/\/sauma.bio\/wp-content\/uploads\/2022\/06\/Bergamote-scaled.jpg","og:image:width":2560,"og:image:height":2560,"article:published_time":"2022-05-05T15:31:53+00:00","article:modified_time":"2025-11-17T12:12:34+00:00","article:publisher":"https:\/\/www.facebook.com\/asineriedelescun#","twitter:card":"summary","twitter:title":"Savon au lait d\u2019\u00e2nesse bio \u2013 Karit\u00e9 Bergamote | Sauma Bio","twitter:description":"Savon solide au lait d\u2019\u00e2nesse bio, parfum Karit\u00e9 Bergamote, hydrate, purifie et apaise tous types de peau. Livraison rapide !","twitter:image":"https:\/\/sauma.bio\/wp-content\/uploads\/2022\/06\/Bergamote-scaled.jpg"},"aioseo_meta_data":{"post_id":"1661","title":"Savons au lait d'\u00e2nesse Bio | Sauma Bio","description":"D\u00e9couvrez les savons au lait d\u2019\u00e2nesse bio de Sauma bio, des savons solides saponifi\u00e9s \u00e0 froid afin de pr\u00e9server les vertus de notre ingr\u00e9dient principal.","keywords":null,"keyphrases":{"focus":{"keyphrase":"","score":0,"analysis":{"keyphraseInTitle":{"score":0,"maxScore":9,"error":1}}},"additional":[]},"primary_term":null,"canonical_url":null,"og_title":null,"og_description":null,"og_object_type":"default","og_image_type":"default","og_image_url":null,"og_image_width":null,"og_image_height":null,"og_image_custom_url":null,"og_image_custom_fields":null,"og_video":"","og_custom_url":null,"og_article_section":null,"og_article_tags":null,"twitter_use_og":false,"twitter_card":"default","twitter_image_type":"default","twitter_image_url":null,"twitter_image_custom_url":null,"twitter_image_custom_fields":null,"twitter_title":null,"twitter_description":null,"schema":{"blockGraphs":[],"customGraphs":[{"id":"#aioseo-custom-mi3h4tqm","custom":true,"graphName":"CollectionPage","schema":"{ \"@type\": \"CollectionPage\", \"@id\": \"https:\/\/sauma.bio\/savon-lait-anesse\/#collection\", \"url\": \"https:\/\/sauma.bio\/savon-lait-anesse\/\", \"name\": \"Savons au lait d\u2019\u00e2nesse bio\", \"mainEntity\": { \"@type\": \"ItemList\", \"itemListOrder\": \"Ascending\", \"numberOfItems\": 3, \"itemListElement\": [ { \"@type\": \"ListItem\", \"position\": 1, \"item\": { \"@type\": \"Product\", \"@id\": \"https:\/\/sauma.bio\/produit\/savon-au-lait-danesse-bio-et-de-jument-argan-et-orange\/#product\", \"name\": \"Savon au lait d\u2019\u00e2nesse bio et de jument \u2013 Argan & Orange\", \"image\": \"https:\/\/sauma.bio\/wp-content\/uploads\/2023\/09\/m3.jpg\", \"url\": \"https:\/\/sauma.bio\/produit\/savon-au-lait-danesse-bio-et-de-jument-argan-et-orange\/\", \"brand\": { \"@type\": \"Brand\", \"name\": \"Sauma\" }, \"offers\": { \"@type\": \"Offer\", \"url\": \"https:\/\/sauma.bio\/produit\/savon-au-lait-danesse-bio-et-de-jument-argan-et-orange\/\", \"price\": \"6.90\", \"priceCurrency\": \"EUR\", \"availability\": \"https:\/\/schema.org\/InStock\" } } }, { \"@type\": \"ListItem\", \"position\": 2, \"item\": { \"@type\": \"Product\", \"@id\": \"https:\/\/sauma.bio\/produit\/savon-au-lait-danesse-bio-et-de-jument-amande-douce-et-camomille\/#product\", \"name\": \"Savon au lait d\u2019\u00e2nesse bio et de jument \u2013 Amande douce & Camomille\", \"image\": \"https:\/\/sauma.bio\/wp-content\/uploads\/2023\/09\/image_2023-09-14_103052089-360x240.png\", \"url\": \"https:\/\/sauma.bio\/produit\/savon-au-lait-danesse-bio-et-de-jument-amande-douce-et-camomille\/\", \"brand\": { \"@type\": \"Brand\", \"name\": \"Sauma\" }, \"offers\": { \"@type\": \"Offer\", \"url\": \"https:\/\/sauma.bio\/produit\/savon-au-lait-danesse-bio-et-de-jument-amande-douce-et-camomille\/\", \"price\": \"6.90\", \"priceCurrency\": \"EUR\", \"availability\": \"https:\/\/schema.org\/InStock\" } } }, { \"@type\": \"ListItem\", \"position\": 3, \"item\": { \"@type\": \"Product\", \"@id\": \"https:\/\/sauma.bio\/produit\/savon-au-lait-danesse-bio-et-de-jument-lavande\/#product\", \"name\": \"Savon au lait d\u2019\u00e2nesse bio et de jument \u2013 Lavande\", \"image\": \"https:\/\/sauma.bio\/wp-content\/uploads\/2023\/09\/m2.jpg\", \"url\": \"https:\/\/sauma.bio\/produit\/savon-au-lait-danesse-bio-et-de-jument-lavande\/\", \"brand\": { \"@type\": \"Brand\", \"name\": \"Sauma\" }, \"offers\": { \"@type\": \"Offer\", \"url\": \"https:\/\/sauma.bio\/produit\/savon-au-lait-danesse-bio-et-de-jument-lavande\/\", \"price\": \"6.90\", \"priceCurrency\": \"EUR\", \"availability\": \"https:\/\/schema.org\/InStock\" } } } ] } }"}],"default":{"data":{"Article":[],"Course":[],"Dataset":[],"FAQPage":[],"Movie":[],"Person":[],"Product":[],"ProductReview":[],"Car":[],"Recipe":[],"Service":[],"SoftwareApplication":[],"WebPage":[]},"graphName":"WebPage","isEnabled":true},"graphs":[]},"schema_type":"default","schema_type_options":"{\"article\":{\"articleType\":\"BlogPosting\"},\"course\":{\"name\":\"\",\"description\":\"\",\"provider\":\"\"},\"faq\":{\"pages\":[]},\"product\":{\"reviews\":[]},\"recipe\":{\"ingredients\":[],\"instructions\":[],\"keywords\":[]},\"software\":{\"reviews\":[],\"operatingSystems\":[]},\"webPage\":{\"webPageType\":\"WebPage\"}}","pillar_content":false,"robots_default":true,"robots_noindex":false,"robots_noarchive":false,"robots_nosnippet":false,"robots_nofollow":false,"robots_noimageindex":false,"robots_noodp":false,"robots_notranslate":false,"robots_max_snippet":"-1","robots_max_videopreview":"-1","robots_max_imagepreview":"large","priority":null,"frequency":"default","location":null,"local_seo":null,"seo_analyzer_scan_date":"2025-11-17 18:26:26","breadcrumb_settings":null,"limit_modified_date":false,"reviewed_by":"0","open_ai":null,"ai":{"faqs":[],"keyPoints":[],"titles":[],"descriptions":[],"socialPosts":{"email":[],"linkedin":[],"twitter":[],"facebook":[],"instagram":[]}},"created":"2022-05-05 07:56:04","updated":"2025-11-17 18:34:04"},"aioseo_breadcrumb":"<div class=\"aioseo-breadcrumbs\"><span class=\"aioseo-breadcrumb\">\n\t<a href=\"https:\/\/sauma.bio\" title=\"Home\">Home<\/a>\n<\/span><span class=\"aioseo-breadcrumb-separator\">&raquo;<\/span><span class=\"aioseo-breadcrumb\">\n\tSavons\n<\/span><\/div>","aioseo_breadcrumb_json":[{"label":"Home","link":"https:\/\/sauma.bio"},{"label":"Savons","link":"https:\/\/sauma.bio\/savon-lait-anesse\/"}],"jetpack_sharing_enabled":true,"_links":{"self":[{"href":"https:\/\/sauma.bio\/nov-apijson\/wp\/v2\/pages\/1661","targetHints":{"allow":["GET"]}}],"collection":[{"href":"https:\/\/sauma.bio\/nov-apijson\/wp\/v2\/pages"}],"about":[{"href":"https:\/\/sauma.bio\/nov-apijson\/wp\/v2\/types\/page"}],"author":[{"embeddable":true,"href":"https:\/\/sauma.bio\/nov-apijson\/wp\/v2\/users\/27"}],"replies":[{"embeddable":true,"href":"https:\/\/sauma.bio\/nov-apijson\/wp\/v2\/comments?post=1661"}],"version-history":[{"count":87,"href":"https:\/\/sauma.bio\/nov-apijson\/wp\/v2\/pages\/1661\/revisions"}],"predecessor-version":[{"id":4706,"href":"https:\/\/sauma.bio\/nov-apijson\/wp\/v2\/pages\/1661\/revisions\/4706"}],"wp:attachment":[{"href":"https:\/\/sauma.bio\/nov-apijson\/wp\/v2\/media?parent=1661"}],"curies":[{"name":"wp","href":"https:\/\/api.w.org\/{rel}","templated":true}]}}