{"id":1656,"date":"2022-05-05T09:55:17","date_gmt":"2022-05-05T07:55:17","guid":{"rendered":"https:\/\/sauma.bio\/?page_id=1656"},"modified":"2025-10-27T11:24:08","modified_gmt":"2025-10-27T10:24:08","slug":"la-marque","status":"publish","type":"page","link":"https:\/\/sauma.bio\/la-marque\/","title":{"rendered":"La marque"},"content":{"rendered":"\t\t<div data-elementor-type=\"wp-page\" data-elementor-id=\"1656\" class=\"elementor elementor-1656\" data-elementor-settings=\"[]\">\n\t\t\t\t\t\t<div class=\"elementor-inner\">\n\t\t\t\t\t\t\t<div class=\"elementor-section-wrap\">\n\t\t\t\t\t\t\t<section class=\"elementor-section elementor-top-section elementor-element elementor-element-72358102 elementor-section-full_width elementor-section-stretched elementor-section-height-min-height elementor-section-height-default elementor-section-items-middle\" data-id=\"72358102\" data-element_type=\"section\" data-settings=\"{&quot;stretch_section&quot;:&quot;section-stretched&quot;,&quot;background_background&quot;:&quot;classic&quot;}\">\n\t\t\t\t\t\t\t<div class=\"elementor-background-overlay\"><\/div>\n\t\t\t\t\t\t\t<div class=\"elementor-container elementor-column-gap-no\">\n\t\t\t\t\t\t\t<div class=\"elementor-row\">\n\t\t\t\t\t<div class=\"elementor-column elementor-col-100 elementor-top-column elementor-element elementor-element-3ada3bd3\" data-id=\"3ada3bd3\" data-element_type=\"column\">\n\t\t\t<div class=\"elementor-column-wrap elementor-element-populated\">\n\t\t\t\t\t\t\t<div class=\"elementor-widget-wrap\">\n\t\t\t\t\t\t\t\t<\/div>\n\t\t\t\t\t<\/div>\n\t\t<\/div>\n\t\t\t\t\t\t\t\t<\/div>\n\t\t\t\t\t<\/div>\n\t\t<\/section>\n\t\t\t\t<section class=\"elementor-section elementor-top-section elementor-element elementor-element-552d598 elementor-section-height-min-height elementor-section-stretched elementor-section-boxed elementor-section-height-default elementor-section-items-middle\" data-id=\"552d598\" data-element_type=\"section\" data-settings=\"{&quot;stretch_section&quot;:&quot;section-stretched&quot;,&quot;background_background&quot;:&quot;classic&quot;,&quot;shape_divider_bottom&quot;:&quot;waves&quot;,&quot;shape_divider_bottom_negative&quot;:&quot;yes&quot;}\">\n\t\t\t\t\t<div class=\"elementor-shape elementor-shape-bottom\" data-negative=\"true\">\n\t\t\t<svg xmlns=\"http:\/\/www.w3.org\/2000\/svg\" viewBox=\"0 0 1000 100\" preserveAspectRatio=\"none\">\n\t<path class=\"elementor-shape-fill\" d=\"M790.5,93.1c-59.3-5.3-116.8-18-192.6-50c-29.6-12.7-76.9-31-100.5-35.9c-23.6-4.9-52.6-7.8-75.5-5.3\n\tc-10.2,1.1-22.6,1.4-50.1,7.4c-27.2,6.3-58.2,16.6-79.4,24.7c-41.3,15.9-94.9,21.9-134,22.6C72,58.2,0,25.8,0,25.8V100h1000V65.3\n\tc0,0-51.5,19.4-106.2,25.7C839.5,97,814.1,95.2,790.5,93.1z\"\/>\n<\/svg>\t\t<\/div>\n\t\t\t\t\t<div class=\"elementor-container elementor-column-gap-default\">\n\t\t\t\t\t\t\t<div class=\"elementor-row\">\n\t\t\t\t\t<div class=\"elementor-column elementor-col-100 elementor-top-column elementor-element elementor-element-a7d642a\" data-id=\"a7d642a\" data-element_type=\"column\">\n\t\t\t<div class=\"elementor-column-wrap elementor-element-populated\">\n\t\t\t\t\t\t\t<div class=\"elementor-widget-wrap\">\n\t\t\t\t\t\t<div class=\"elementor-element elementor-element-6701e0c0 animated-slow elementor-invisible elementor-widget elementor-widget-heading\" data-id=\"6701e0c0\" data-element_type=\"widget\" data-settings=\"{&quot;_animation&quot;:&quot;fadeIn&quot;}\" data-widget_type=\"heading.default\">\n\t\t\t\t<div class=\"elementor-widget-container\">\n\t\t\t<h2 class=\"elementor-heading-title elementor-size-default\">Sauma : cosm\u00e9tiques naturels au lait d\u2019\u00e2nesse bio<\/h2>\t\t<\/div>\n\t\t\t\t<\/div>\n\t\t\t\t<div class=\"elementor-element elementor-element-633b6d1 elementor-widget elementor-widget-text-editor\" data-id=\"633b6d1\" data-element_type=\"widget\" data-widget_type=\"text-editor.default\">\n\t\t\t\t<div class=\"elementor-widget-container\">\n\t\t\t\t\t\t\t\t<div class=\"elementor-text-editor elementor-clearfix\">\n\t\t\t\t<p>Sauma, notre marque de <a href=\"https:\/\/sauma.bio\/\"><strong>cosm\u00e9tiques au lait d\u2019\u00e2nesse bio<\/strong><\/a>\u00a0vous propose des cosm\u00e9tiques naturels artisanaux, notamment des shampoings, savons saponifi\u00e9s \u00e0 froid, cr\u00e8me et lait hydratants. Tous nos produits sont fabriqu\u00e9s artisanalement dans le respect d\u2019une charte de qualit\u00e9 respectueuse de l\u2019humain, du bien-\u00eatre animal et de notre plan\u00e8te. D\u00e9couvrez d\u00e8s maintenant notre histoire, notre \u00e9thique.<\/p>\t\t\t\t\t<\/div>\n\t\t\t\t\t\t<\/div>\n\t\t\t\t<\/div>\n\t\t\t\t\t\t<\/div>\n\t\t\t\t\t<\/div>\n\t\t<\/div>\n\t\t\t\t\t\t\t\t<\/div>\n\t\t\t\t\t<\/div>\n\t\t<\/section>\n\t\t\t\t<section class=\"elementor-section elementor-top-section elementor-element elementor-element-a715469 elementor-section-content-middle elementor-section-stretched elementor-section-boxed elementor-section-height-default elementor-section-height-default\" data-id=\"a715469\" data-element_type=\"section\" data-settings=\"{&quot;stretch_section&quot;:&quot;section-stretched&quot;}\">\n\t\t\t\t\t\t<div class=\"elementor-container elementor-column-gap-default\">\n\t\t\t\t\t\t\t<div class=\"elementor-row\">\n\t\t\t\t\t<div class=\"elementor-column elementor-col-50 elementor-top-column elementor-element elementor-element-296083e\" data-id=\"296083e\" data-element_type=\"column\">\n\t\t\t<div class=\"elementor-column-wrap elementor-element-populated\">\n\t\t\t\t\t\t\t<div class=\"elementor-widget-wrap\">\n\t\t\t\t\t\t<div class=\"elementor-element elementor-element-a72c4ef elementor-widget elementor-widget-image\" data-id=\"a72c4ef\" data-element_type=\"widget\" data-widget_type=\"image.default\">\n\t\t\t\t<div class=\"elementor-widget-container\">\n\t\t\t\t\t\t\t\t<div class=\"elementor-image\">\n\t\t\t\t\t\t\t\t\t\t\t\t<img loading=\"lazy\" decoding=\"async\" width=\"750\" height=\"500\" src=\"https:\/\/sauma.bio\/wp-content\/uploads\/2022\/06\/Sauma-0366-1024x683.jpg\" class=\"attachment-large size-large\" alt=\"\" srcset=\"https:\/\/sauma.bio\/wp-content\/uploads\/2022\/06\/Sauma-0366-1024x683.jpg 1024w, https:\/\/sauma.bio\/wp-content\/uploads\/2022\/06\/Sauma-0366-scaled-600x400.jpg 600w, https:\/\/sauma.bio\/wp-content\/uploads\/2022\/06\/Sauma-0366-300x200.jpg 300w, https:\/\/sauma.bio\/wp-content\/uploads\/2022\/06\/Sauma-0366-768x512.jpg 768w, https:\/\/sauma.bio\/wp-content\/uploads\/2022\/06\/Sauma-0366-1536x1025.jpg 1536w, https:\/\/sauma.bio\/wp-content\/uploads\/2022\/06\/Sauma-0366-2048x1366.jpg 2048w, https:\/\/sauma.bio\/wp-content\/uploads\/2022\/06\/Sauma-0366-360x240.jpg 360w, https:\/\/sauma.bio\/wp-content\/uploads\/2022\/06\/Sauma-0366-1320x880.jpg 1320w\" sizes=\"auto, (max-width: 750px) 100vw, 750px\" \/>\t\t\t\t\t\t\t\t\t\t\t\t\t\t<\/div>\n\t\t\t\t\t\t<\/div>\n\t\t\t\t<\/div>\n\t\t\t\t\t\t<\/div>\n\t\t\t\t\t<\/div>\n\t\t<\/div>\n\t\t\t\t<div class=\"elementor-column elementor-col-50 elementor-top-column elementor-element elementor-element-7a984be\" data-id=\"7a984be\" data-element_type=\"column\">\n\t\t\t<div class=\"elementor-column-wrap elementor-element-populated\">\n\t\t\t\t\t\t\t<div class=\"elementor-widget-wrap\">\n\t\t\t\t\t\t<div class=\"elementor-element elementor-element-3f0cf905 animated-slow elementor-invisible elementor-widget elementor-widget-heading\" data-id=\"3f0cf905\" data-element_type=\"widget\" data-settings=\"{&quot;_animation&quot;:&quot;fadeIn&quot;}\" data-widget_type=\"heading.default\">\n\t\t\t\t<div class=\"elementor-widget-container\">\n\t\t\t<h2 class=\"elementor-heading-title elementor-size-default\">Histoire<\/h2>\t\t<\/div>\n\t\t\t\t<\/div>\n\t\t\t\t<div class=\"elementor-element elementor-element-e631303 elementor-widget elementor-widget-text-editor\" data-id=\"e631303\" data-element_type=\"widget\" data-widget_type=\"text-editor.default\">\n\t\t\t\t<div class=\"elementor-widget-container\">\n\t\t\t\t\t\t\t\t<div class=\"elementor-text-editor elementor-clearfix\">\n\t\t\t\t<p>Le d\u00e9sir de retrouver nos racines en allant vivre au c\u0153ur des montagnes Pyr\u00e9n\u00e9ennes, dans le joli village de Lescun, lieu o\u00f9 nous avons pass\u00e9 nos vacances chez nos grands parents, a \u00e9t\u00e9 pour nous le d\u00e9clic. Il s\u2019agit du point de d\u00e9part de la belle histoire que nous souhaitons \u00e9crire avec notre marque de cosm\u00e9tiques au lait d\u2019\u00e2nesse, Sauma.<\/p><p>Notre aventure trouve son point de d\u00e9part en juillet 2016, date \u00e0 laquelle nous avons d\u00e9cid\u00e9 de reprendre un troupeau d\u2019une dizaine d\u2019\u00e2nesses des Pyr\u00e9n\u00e9es, de type \u201cCatalan\u201d, suite au d\u00e9part \u00e0 la retraite d\u2019un producteur de lait d\u2019\u00e2nesse. Nous avons ensuite accueilli avec joie les naissances qui ont vu le jour, permettant ainsi \u00e0 notre troupeau de s\u2019agrandir et \u00e0 la premi\u00e8re saison de traite d\u2019avoir lieu l\u2019\u00e9t\u00e9 2019.\u00a0<\/p><p>M\u00e9gane et Julien<\/p>\t\t\t\t\t<\/div>\n\t\t\t\t\t\t<\/div>\n\t\t\t\t<\/div>\n\t\t\t\t\t\t<\/div>\n\t\t\t\t\t<\/div>\n\t\t<\/div>\n\t\t\t\t\t\t\t\t<\/div>\n\t\t\t\t\t<\/div>\n\t\t<\/section>\n\t\t\t\t<section class=\"elementor-section elementor-top-section elementor-element elementor-element-57849e0 elementor-section-content-middle elementor-section-stretched elementor-reverse-tablet elementor-reverse-mobile elementor-section-boxed elementor-section-height-default elementor-section-height-default\" data-id=\"57849e0\" data-element_type=\"section\" data-settings=\"{&quot;stretch_section&quot;:&quot;section-stretched&quot;}\">\n\t\t\t\t\t\t<div class=\"elementor-container elementor-column-gap-default\">\n\t\t\t\t\t\t\t<div class=\"elementor-row\">\n\t\t\t\t\t<div class=\"elementor-column elementor-col-50 elementor-top-column elementor-element elementor-element-67a415a\" data-id=\"67a415a\" data-element_type=\"column\">\n\t\t\t<div class=\"elementor-column-wrap elementor-element-populated\">\n\t\t\t\t\t\t\t<div class=\"elementor-widget-wrap\">\n\t\t\t\t\t\t<div class=\"elementor-element elementor-element-fb4e4db animated-slow elementor-invisible elementor-widget elementor-widget-heading\" data-id=\"fb4e4db\" data-element_type=\"widget\" data-settings=\"{&quot;_animation&quot;:&quot;fadeIn&quot;}\" data-widget_type=\"heading.default\">\n\t\t\t\t<div class=\"elementor-widget-container\">\n\t\t\t<h2 class=\"elementor-heading-title elementor-size-default\">\u00c9thique<\/h2>\t\t<\/div>\n\t\t\t\t<\/div>\n\t\t\t\t<div class=\"elementor-element elementor-element-0e9b832 elementor-widget elementor-widget-text-editor\" data-id=\"0e9b832\" data-element_type=\"widget\" data-widget_type=\"text-editor.default\">\n\t\t\t\t<div class=\"elementor-widget-container\">\n\t\t\t\t\t\t\t\t<div class=\"elementor-text-editor elementor-clearfix\">\n\t\t\t\t<p>Dans un souci de participer \u00e0 la pr\u00e9servation de notre r\u00e9gion, nous avons fait le choix de prendre soin d\u2019un troupeau d\u2019\u00e2nes de race Pyr\u00e9n\u00e9enne, une esp\u00e8ce embl\u00e9matique mais menac\u00e9e \u00e0 laquelle nous sommes tr\u00e8s attach\u00e9s. \u00c9lev\u00e9s en plein air tout au long de l\u2019ann\u00e9e, nous laissons \u00e0 notre troupeau la possibilit\u00e9 de p\u00e2turer \u00e0 volont\u00e9 en estive au sein des montagnes lescunoises.<\/p>\t\t\t\t\t<\/div>\n\t\t\t\t\t\t<\/div>\n\t\t\t\t<\/div>\n\t\t\t\t\t\t<\/div>\n\t\t\t\t\t<\/div>\n\t\t<\/div>\n\t\t\t\t<div class=\"elementor-column elementor-col-50 elementor-top-column elementor-element elementor-element-f145cdf\" data-id=\"f145cdf\" data-element_type=\"column\">\n\t\t\t<div class=\"elementor-column-wrap elementor-element-populated\">\n\t\t\t\t\t\t\t<div class=\"elementor-widget-wrap\">\n\t\t\t\t\t\t<div class=\"elementor-element elementor-element-40406bc elementor-widget elementor-widget-image\" data-id=\"40406bc\" data-element_type=\"widget\" data-widget_type=\"image.default\">\n\t\t\t\t<div class=\"elementor-widget-container\">\n\t\t\t\t\t\t\t\t<div class=\"elementor-image\">\n\t\t\t\t\t\t\t\t\t\t\t\t<img loading=\"lazy\" decoding=\"async\" width=\"750\" height=\"500\" src=\"https:\/\/sauma.bio\/wp-content\/uploads\/2022\/06\/Sauma-0340-1024x683.jpg\" class=\"attachment-large size-large\" alt=\"\" srcset=\"https:\/\/sauma.bio\/wp-content\/uploads\/2022\/06\/Sauma-0340-1024x683.jpg 1024w, https:\/\/sauma.bio\/wp-content\/uploads\/2022\/06\/Sauma-0340-scaled-600x400.jpg 600w, https:\/\/sauma.bio\/wp-content\/uploads\/2022\/06\/Sauma-0340-300x200.jpg 300w, https:\/\/sauma.bio\/wp-content\/uploads\/2022\/06\/Sauma-0340-768x512.jpg 768w, https:\/\/sauma.bio\/wp-content\/uploads\/2022\/06\/Sauma-0340-1536x1024.jpg 1536w, https:\/\/sauma.bio\/wp-content\/uploads\/2022\/06\/Sauma-0340-2048x1366.jpg 2048w, https:\/\/sauma.bio\/wp-content\/uploads\/2022\/06\/Sauma-0340-360x240.jpg 360w, https:\/\/sauma.bio\/wp-content\/uploads\/2022\/06\/Sauma-0340-1320x880.jpg 1320w\" sizes=\"auto, (max-width: 750px) 100vw, 750px\" \/>\t\t\t\t\t\t\t\t\t\t\t\t\t\t<\/div>\n\t\t\t\t\t\t<\/div>\n\t\t\t\t<\/div>\n\t\t\t\t\t\t<\/div>\n\t\t\t\t\t<\/div>\n\t\t<\/div>\n\t\t\t\t\t\t\t\t<\/div>\n\t\t\t\t\t<\/div>\n\t\t<\/section>\n\t\t\t\t<section class=\"elementor-section elementor-top-section elementor-element elementor-element-4629461 elementor-section-content-middle elementor-section-stretched elementor-section-boxed elementor-section-height-default elementor-section-height-default\" data-id=\"4629461\" data-element_type=\"section\" data-settings=\"{&quot;stretch_section&quot;:&quot;section-stretched&quot;}\">\n\t\t\t\t\t\t<div class=\"elementor-container elementor-column-gap-default\">\n\t\t\t\t\t\t\t<div class=\"elementor-row\">\n\t\t\t\t\t<div class=\"elementor-column elementor-col-50 elementor-top-column elementor-element elementor-element-b780412\" data-id=\"b780412\" data-element_type=\"column\">\n\t\t\t<div class=\"elementor-column-wrap elementor-element-populated\">\n\t\t\t\t\t\t\t<div class=\"elementor-widget-wrap\">\n\t\t\t\t\t\t<div class=\"elementor-element elementor-element-feacbe1 elementor-widget elementor-widget-image\" data-id=\"feacbe1\" data-element_type=\"widget\" data-widget_type=\"image.default\">\n\t\t\t\t<div class=\"elementor-widget-container\">\n\t\t\t\t\t\t\t\t<div class=\"elementor-image\">\n\t\t\t\t\t\t\t\t\t\t\t\t<img loading=\"lazy\" decoding=\"async\" width=\"750\" height=\"500\" src=\"https:\/\/sauma.bio\/wp-content\/uploads\/2022\/06\/Sauma-0233-1024x683.jpg\" class=\"attachment-large size-large\" alt=\"\" srcset=\"https:\/\/sauma.bio\/wp-content\/uploads\/2022\/06\/Sauma-0233-1024x683.jpg 1024w, https:\/\/sauma.bio\/wp-content\/uploads\/2022\/06\/Sauma-0233-scaled-600x400.jpg 600w, https:\/\/sauma.bio\/wp-content\/uploads\/2022\/06\/Sauma-0233-300x200.jpg 300w, https:\/\/sauma.bio\/wp-content\/uploads\/2022\/06\/Sauma-0233-768x512.jpg 768w, https:\/\/sauma.bio\/wp-content\/uploads\/2022\/06\/Sauma-0233-1536x1025.jpg 1536w, https:\/\/sauma.bio\/wp-content\/uploads\/2022\/06\/Sauma-0233-2048x1366.jpg 2048w, https:\/\/sauma.bio\/wp-content\/uploads\/2022\/06\/Sauma-0233-360x240.jpg 360w, https:\/\/sauma.bio\/wp-content\/uploads\/2022\/06\/Sauma-0233-1320x880.jpg 1320w\" sizes=\"auto, (max-width: 750px) 100vw, 750px\" \/>\t\t\t\t\t\t\t\t\t\t\t\t\t\t<\/div>\n\t\t\t\t\t\t<\/div>\n\t\t\t\t<\/div>\n\t\t\t\t\t\t<\/div>\n\t\t\t\t\t<\/div>\n\t\t<\/div>\n\t\t\t\t<div class=\"elementor-column elementor-col-50 elementor-top-column elementor-element elementor-element-de6d632\" data-id=\"de6d632\" data-element_type=\"column\">\n\t\t\t<div class=\"elementor-column-wrap elementor-element-populated\">\n\t\t\t\t\t\t\t<div class=\"elementor-widget-wrap\">\n\t\t\t\t\t\t<div class=\"elementor-element elementor-element-e839019 animated-slow elementor-invisible elementor-widget elementor-widget-heading\" data-id=\"e839019\" data-element_type=\"widget\" data-settings=\"{&quot;_animation&quot;:&quot;fadeIn&quot;}\" data-widget_type=\"heading.default\">\n\t\t\t\t<div class=\"elementor-widget-container\">\n\t\t\t<h2 class=\"elementor-heading-title elementor-size-default\">Partenariat avec la savonnerie Hitton<\/h2>\t\t<\/div>\n\t\t\t\t<\/div>\n\t\t\t\t<div class=\"elementor-element elementor-element-350d860 elementor-widget elementor-widget-text-editor\" data-id=\"350d860\" data-element_type=\"widget\" data-widget_type=\"text-editor.default\">\n\t\t\t\t<div class=\"elementor-widget-container\">\n\t\t\t\t\t\t\t\t<div class=\"elementor-text-editor elementor-clearfix\">\n\t\t\t\t<p>C\u00e9cile Guichard, g\u00e9rante de la savonnerie Hitton dans le Gers, fabrique artisanalement des cosm\u00e9tiques dont l\u2019ingr\u00e9dient principal est notre lait d\u2019\u00e2nesse SAUMA.<\/p>\n<p>Les cosm\u00e9tiques au lait d\u2019\u00e2nesse que nous vous proposons tous ensemble sont issus d\u2019un proc\u00e9d\u00e9 de fabrication authentique et artisanal : la saponification \u00e0 froid. De plus, ils sont certifi\u00e9s Nature et Progr\u00e8s et SAF, ce qui leur permet d\u2019afficher fi\u00e8rement nos valeurs.<\/p>\n<p>Notre partenariat avec C\u00e9cile \u00e9tait \u00e9vident d\u00e8s les pr\u00e9mices de notre projet. Partageant la m\u00eame \u00e9thique, nous veillons \u00e0 ce que notre \u00e9levage, notre conception des cosm\u00e9tiques et leur vente suivent une m\u00eame ligne de conduite afin de vous garantir des produits de qualit\u00e9.<\/p>\t\t\t\t\t<\/div>\n\t\t\t\t\t\t<\/div>\n\t\t\t\t<\/div>\n\t\t\t\t\t\t<\/div>\n\t\t\t\t\t<\/div>\n\t\t<\/div>\n\t\t\t\t\t\t\t\t<\/div>\n\t\t\t\t\t<\/div>\n\t\t<\/section>\n\t\t\t\t\t\t<\/div>\n\t\t\t\t\t\t<\/div>\n\t\t\t\t\t<\/div>\n\t\t","protected":false},"excerpt":{"rendered":"<p>Sauma : cosm\u00e9tiques naturels au lait d\u2019\u00e2nesse bio Sauma, notre marque de cosm\u00e9tiques au lait d\u2019\u00e2nesse bio\u00a0vous propose des cosm\u00e9tiques naturels artisanaux, notamment des shampoings, savons saponifi\u00e9s \u00e0 froid, cr\u00e8me et lait hydratants. Tous nos produits sont fabriqu\u00e9s artisanalement dans le respect d\u2019une charte de qualit\u00e9 respectueuse de l\u2019humain, du [&hellip;]<\/p>\n","protected":false},"author":27,"featured_media":0,"parent":0,"menu_order":0,"comment_status":"closed","ping_status":"closed","template":"","meta":{"_acf_changed":false,"footnotes":""},"class_list":["post-1656","page","type-page","status-publish","hentry"],"acf":[],"aioseo_notices":[],"aioseo_head":"\n\t\t<!-- All in One SEO Pro 4.9.6.2 - aioseo.com -->\n\t<meta name=\"description\" content=\"D\u00e9couvrez Sauma Bio, notre marque de cosm\u00e9tiques \u00e0 base de lait d\u2019\u00e2nesse bio provenant directement de notre asinerie, nich\u00e9e au c\u0153ur des montagnes \u00e0 Lescun.\" \/>\n\t<meta name=\"robots\" content=\"max-snippet:-1, max-image-preview:large, max-video-preview:-1\" \/>\n\t<meta name=\"google-site-verification\" content=\"xPku4beK6WDWi9rkdFoifomWtYPA0UBVsrA4muNTjZM\" \/>\n\t<link rel=\"canonical\" href=\"https:\/\/sauma.bio\/la-marque\/\" \/>\n\t<meta name=\"generator\" content=\"All in One SEO Pro (AIOSEO) 4.9.6.2\" \/>\n\n\t\t<!-- Global site tag (gtag.js) - Google Analytics -->\n<script async src=\"https:\/\/www.googletagmanager.com\/gtag\/js?id=G-095NGNVWLJ\"><\/script>\n<script>\n window.dataLayer = window.dataLayer || [];\n function gtag(){dataLayer.push(arguments);}\n gtag('js', new Date());\n\n gtag('config', 'G-095NGNVWLJ');\n<\/script>\n\t\t<meta property=\"og:locale\" content=\"fr_FR\" \/>\n\t\t<meta property=\"og:site_name\" content=\"NOWA\" \/>\n\t\t<meta property=\"og:type\" content=\"article\" \/>\n\t\t<meta property=\"og:title\" content=\"Sauma Bio : Marque de cosm\u00e9tiques Bio \u00e0 base de lait d&#039;\u00e2nesse\" \/>\n\t\t<meta property=\"og:description\" content=\"D\u00e9couvrez Sauma Bio, notre marque de cosm\u00e9tiques \u00e0 base de lait d\u2019\u00e2nesse bio provenant directement de notre asinerie, nich\u00e9e au c\u0153ur des montagnes \u00e0 Lescun.\" \/>\n\t\t<meta property=\"og:url\" content=\"https:\/\/sauma.bio\/la-marque\/\" \/>\n\t\t<meta property=\"og:image\" content=\"https:\/\/sauma.bio\/wp-content\/uploads\/2025\/02\/logo-reseaux-sociaux-Sauma.jpg\" \/>\n\t\t<meta property=\"og:image:secure_url\" content=\"https:\/\/sauma.bio\/wp-content\/uploads\/2025\/02\/logo-reseaux-sociaux-Sauma.jpg\" \/>\n\t\t<meta property=\"og:image:width\" content=\"480\" \/>\n\t\t<meta property=\"og:image:height\" content=\"480\" \/>\n\t\t<meta property=\"article:published_time\" content=\"2022-05-05T07:55:17+00:00\" \/>\n\t\t<meta property=\"article:modified_time\" content=\"2025-10-27T10:24:08+00:00\" \/>\n\t\t<meta property=\"article:publisher\" content=\"https:\/\/www.facebook.com\/asineriedelescun#\" \/>\n\t\t<meta name=\"twitter:card\" content=\"summary\" \/>\n\t\t<meta name=\"twitter:title\" content=\"Sauma Bio : Marque de cosm\u00e9tiques Bio \u00e0 base de lait d&#039;\u00e2nesse\" \/>\n\t\t<meta name=\"twitter:description\" content=\"D\u00e9couvrez Sauma Bio, notre marque de cosm\u00e9tiques \u00e0 base de lait d\u2019\u00e2nesse bio provenant directement de notre asinerie, nich\u00e9e au c\u0153ur des montagnes \u00e0 Lescun.\" \/>\n\t\t<meta name=\"twitter:image\" content=\"https:\/\/sauma.bio\/wp-content\/uploads\/2025\/02\/logo-reseaux-sociaux-Sauma.jpg\" \/>\n\t\t<script type=\"application\/ld+json\" class=\"aioseo-schema\">\n\t\t\t{\"@context\":\"https:\\\/\\\/schema.org\",\"@graph\":[{\"@type\":\"BreadcrumbList\",\"@id\":\"https:\\\/\\\/sauma.bio\\\/la-marque\\\/#breadcrumblist\",\"itemListElement\":[{\"@type\":\"ListItem\",\"@id\":\"https:\\\/\\\/sauma.bio#listItem\",\"position\":1,\"name\":\"Home\",\"item\":\"https:\\\/\\\/sauma.bio\",\"nextItem\":{\"@type\":\"ListItem\",\"@id\":\"https:\\\/\\\/sauma.bio\\\/la-marque\\\/#listItem\",\"name\":\"La marque\"}},{\"@type\":\"ListItem\",\"@id\":\"https:\\\/\\\/sauma.bio\\\/la-marque\\\/#listItem\",\"position\":2,\"name\":\"La marque\",\"previousItem\":{\"@type\":\"ListItem\",\"@id\":\"https:\\\/\\\/sauma.bio#listItem\",\"name\":\"Home\"}}]},{\"@type\":\"Organization\",\"@id\":\"https:\\\/\\\/sauma.bio\\\/#organization\",\"name\":\"Sauma Cosm\\u00e9tiques au lait d\\u2019\\u00e2nesse bio\",\"description\":\"Sauma est avant tout notre asinerie sans laquelle ce projet n\\u2019aurait pas pu voir le jour. Nous mettons un point d\\u2019honneur \\u00e0 vous proposer des produits de qualit\\u00e9, enti\\u00e8rement fabriqu\\u00e9s en France dans le Sud-Ouest par une savonni\\u00e8re qualifi\\u00e9e.\",\"url\":\"https:\\\/\\\/sauma.bio\\\/\",\"telephone\":\"+33785255438\",\"logo\":{\"@type\":\"ImageObject\",\"url\":\"https:\\\/\\\/sauma.bio\\\/wp-content\\\/uploads\\\/2020\\\/02\\\/logof.png\",\"@id\":\"https:\\\/\\\/sauma.bio\\\/la-marque\\\/#organizationLogo\",\"width\":239,\"height\":131},\"image\":{\"@id\":\"https:\\\/\\\/sauma.bio\\\/la-marque\\\/#organizationLogo\"},\"sameAs\":[\"https:\\\/\\\/www.instagram.com\\\/asinerie_lescun\\\/\"]},{\"@type\":\"WebPage\",\"@id\":\"https:\\\/\\\/sauma.bio\\\/la-marque\\\/#webpage\",\"url\":\"https:\\\/\\\/sauma.bio\\\/la-marque\\\/\",\"name\":\"Sauma Bio : Marque de cosm\\u00e9tiques Bio \\u00e0 base de lait d'\\u00e2nesse\",\"description\":\"D\\u00e9couvrez Sauma Bio, notre marque de cosm\\u00e9tiques \\u00e0 base de lait d\\u2019\\u00e2nesse bio provenant directement de notre asinerie, nich\\u00e9e au c\\u0153ur des montagnes \\u00e0 Lescun.\",\"inLanguage\":\"fr-FR\",\"isPartOf\":{\"@id\":\"https:\\\/\\\/sauma.bio\\\/#website\"},\"breadcrumb\":{\"@id\":\"https:\\\/\\\/sauma.bio\\\/la-marque\\\/#breadcrumblist\"},\"datePublished\":\"2022-05-05T09:55:17+02:00\",\"dateModified\":\"2025-10-27T11:24:08+01:00\"},{\"@type\":\"WebSite\",\"@id\":\"https:\\\/\\\/sauma.bio\\\/#website\",\"url\":\"https:\\\/\\\/sauma.bio\\\/\",\"name\":\"SAUMA BIO\",\"description\":\"SAUMA BIO\",\"inLanguage\":\"fr-FR\",\"publisher\":{\"@id\":\"https:\\\/\\\/sauma.bio\\\/#organization\"}}]}\n\t\t<\/script>\n\t\t<!-- All in One SEO Pro -->\r\n\t\t<title>Sauma Bio : Marque de cosm\u00e9tiques Bio \u00e0 base de lait d'\u00e2nesse<\/title>\n\n","aioseo_head_json":{"title":"Sauma Bio : Marque de cosm\u00e9tiques Bio \u00e0 base de lait d'\u00e2nesse","description":"D\u00e9couvrez Sauma Bio, notre marque de cosm\u00e9tiques \u00e0 base de lait d\u2019\u00e2nesse bio provenant directement de notre asinerie, nich\u00e9e au c\u0153ur des montagnes \u00e0 Lescun.","canonical_url":"https:\/\/sauma.bio\/la-marque\/","robots":"max-snippet:-1, max-image-preview:large, max-video-preview:-1","keywords":"","webmasterTools":{"google-site-verification":"xPku4beK6WDWi9rkdFoifomWtYPA0UBVsrA4muNTjZM","miscellaneous":"&lt;!-- Global site tag (gtag.js) - Google Analytics --&gt;\n&lt;script async src=\"https:\/\/www.googletagmanager.com\/gtag\/js?id=G-095NGNVWLJ\"&gt;&lt;\/script&gt;\n&lt;script&gt;\n window.dataLayer = window.dataLayer || [];\n function gtag(){dataLayer.push(arguments);}\n gtag('js', new Date());\n\n gtag('config', 'G-095NGNVWLJ');\n&lt;\/script&gt;"},"schema":{"@context":"https:\/\/schema.org","@graph":[{"@type":"BreadcrumbList","@id":"https:\/\/sauma.bio\/la-marque\/#breadcrumblist","itemListElement":[{"@type":"ListItem","@id":"https:\/\/sauma.bio#listItem","position":1,"name":"Home","item":"https:\/\/sauma.bio","nextItem":{"@type":"ListItem","@id":"https:\/\/sauma.bio\/la-marque\/#listItem","name":"La marque"}},{"@type":"ListItem","@id":"https:\/\/sauma.bio\/la-marque\/#listItem","position":2,"name":"La marque","previousItem":{"@type":"ListItem","@id":"https:\/\/sauma.bio#listItem","name":"Home"}}]},{"@type":"Organization","@id":"https:\/\/sauma.bio\/#organization","name":"Sauma Cosm\u00e9tiques au lait d\u2019\u00e2nesse bio","description":"Sauma est avant tout notre asinerie sans laquelle ce projet n\u2019aurait pas pu voir le jour. Nous mettons un point d\u2019honneur \u00e0 vous proposer des produits de qualit\u00e9, enti\u00e8rement fabriqu\u00e9s en France dans le Sud-Ouest par une savonni\u00e8re qualifi\u00e9e.","url":"https:\/\/sauma.bio\/","telephone":"+33785255438","logo":{"@type":"ImageObject","url":"https:\/\/sauma.bio\/wp-content\/uploads\/2020\/02\/logof.png","@id":"https:\/\/sauma.bio\/la-marque\/#organizationLogo","width":239,"height":131},"image":{"@id":"https:\/\/sauma.bio\/la-marque\/#organizationLogo"},"sameAs":["https:\/\/www.instagram.com\/asinerie_lescun\/"]},{"@type":"WebPage","@id":"https:\/\/sauma.bio\/la-marque\/#webpage","url":"https:\/\/sauma.bio\/la-marque\/","name":"Sauma Bio : Marque de cosm\u00e9tiques Bio \u00e0 base de lait d'\u00e2nesse","description":"D\u00e9couvrez Sauma Bio, notre marque de cosm\u00e9tiques \u00e0 base de lait d\u2019\u00e2nesse bio provenant directement de notre asinerie, nich\u00e9e au c\u0153ur des montagnes \u00e0 Lescun.","inLanguage":"fr-FR","isPartOf":{"@id":"https:\/\/sauma.bio\/#website"},"breadcrumb":{"@id":"https:\/\/sauma.bio\/la-marque\/#breadcrumblist"},"datePublished":"2022-05-05T09:55:17+02:00","dateModified":"2025-10-27T11:24:08+01:00"},{"@type":"WebSite","@id":"https:\/\/sauma.bio\/#website","url":"https:\/\/sauma.bio\/","name":"SAUMA BIO","description":"SAUMA BIO","inLanguage":"fr-FR","publisher":{"@id":"https:\/\/sauma.bio\/#organization"}}]},"og:locale":"fr_FR","og:site_name":"NOWA","og:type":"article","og:title":"Sauma Bio : Marque de cosm\u00e9tiques Bio \u00e0 base de lait d'\u00e2nesse","og:description":"D\u00e9couvrez Sauma Bio, notre marque de cosm\u00e9tiques \u00e0 base de lait d\u2019\u00e2nesse bio provenant directement de notre asinerie, nich\u00e9e au c\u0153ur des montagnes \u00e0 Lescun.","og:url":"https:\/\/sauma.bio\/la-marque\/","og:image":"https:\/\/sauma.bio\/wp-content\/uploads\/2025\/02\/logo-reseaux-sociaux-Sauma.jpg","og:image:secure_url":"https:\/\/sauma.bio\/wp-content\/uploads\/2025\/02\/logo-reseaux-sociaux-Sauma.jpg","og:image:width":480,"og:image:height":480,"article:published_time":"2022-05-05T07:55:17+00:00","article:modified_time":"2025-10-27T10:24:08+00:00","article:publisher":"https:\/\/www.facebook.com\/asineriedelescun#","twitter:card":"summary","twitter:title":"Sauma Bio : Marque de cosm\u00e9tiques Bio \u00e0 base de lait d'\u00e2nesse","twitter:description":"D\u00e9couvrez Sauma Bio, notre marque de cosm\u00e9tiques \u00e0 base de lait d\u2019\u00e2nesse bio provenant directement de notre asinerie, nich\u00e9e au c\u0153ur des montagnes \u00e0 Lescun.","twitter:image":"https:\/\/sauma.bio\/wp-content\/uploads\/2025\/02\/logo-reseaux-sociaux-Sauma.jpg"},"aioseo_meta_data":{"post_id":"1656","title":"Sauma Bio : Marque de cosm\u00e9tiques Bio \u00e0 base de lait d'\u00e2nesse","description":"D\u00e9couvrez Sauma Bio, notre marque de cosm\u00e9tiques \u00e0 base de lait d\u2019\u00e2nesse bio provenant directement de notre asinerie, nich\u00e9e au c\u0153ur des montagnes \u00e0 Lescun.","keywords":null,"keyphrases":{"focus":{"keyphrase":"","score":0,"analysis":{"keyphraseInTitle":{"score":0,"maxScore":9,"error":1}}},"additional":[]},"primary_term":null,"canonical_url":null,"og_title":null,"og_description":null,"og_object_type":"default","og_image_type":"default","og_image_url":null,"og_image_width":null,"og_image_height":null,"og_image_custom_url":null,"og_image_custom_fields":null,"og_video":"","og_custom_url":null,"og_article_section":null,"og_article_tags":null,"twitter_use_og":false,"twitter_card":"default","twitter_image_type":"default","twitter_image_url":null,"twitter_image_custom_url":null,"twitter_image_custom_fields":null,"twitter_title":null,"twitter_description":null,"schema":{"blockGraphs":[],"customGraphs":[],"default":{"data":{"Article":[],"Course":[],"Dataset":[],"FAQPage":[],"Movie":[],"Person":[],"Product":[],"ProductReview":[],"Car":[],"Recipe":[],"Service":[],"SoftwareApplication":[],"WebPage":[]},"graphName":"WebPage","isEnabled":true},"graphs":[],"defaultGraph":"WebPage","defaultPostTypeGraph":""},"schema_type":"default","schema_type_options":"{\"article\":{\"articleType\":\"BlogPosting\"},\"course\":{\"name\":\"\",\"description\":\"\",\"provider\":\"\"},\"faq\":{\"pages\":[]},\"product\":{\"reviews\":[]},\"recipe\":{\"ingredients\":[],\"instructions\":[],\"keywords\":[]},\"software\":{\"reviews\":[],\"operatingSystems\":[]},\"webPage\":{\"webPageType\":\"WebPage\"}}","pillar_content":false,"robots_default":true,"robots_noindex":false,"robots_noarchive":false,"robots_nosnippet":false,"robots_nofollow":false,"robots_noimageindex":false,"robots_noodp":false,"robots_notranslate":false,"robots_max_snippet":"-1","robots_max_videopreview":"-1","robots_max_imagepreview":"large","priority":null,"frequency":"default","location":null,"local_seo":null,"seo_analyzer_scan_date":"2025-10-27 10:25:16","breadcrumb_settings":null,"limit_modified_date":false,"reviewed_by":null,"open_ai":null,"ai":{"faqs":[],"keyPoints":[],"titles":[],"descriptions":[],"socialPosts":{"email":[],"linkedin":[],"twitter":[],"facebook":[],"instagram":[]}},"created":"2022-05-05 07:54:44","updated":"2025-11-27 05:34:39"},"aioseo_breadcrumb":"<div class=\"aioseo-breadcrumbs\"><span class=\"aioseo-breadcrumb\">\n\t<a href=\"https:\/\/sauma.bio\" title=\"Home\">Home<\/a>\n<\/span><span class=\"aioseo-breadcrumb-separator\">&raquo;<\/span><span class=\"aioseo-breadcrumb\">\n\tLa marque\n<\/span><\/div>","aioseo_breadcrumb_json":[{"label":"Home","link":"https:\/\/sauma.bio"},{"label":"La marque","link":"https:\/\/sauma.bio\/la-marque\/"}],"jetpack_sharing_enabled":true,"_links":{"self":[{"href":"https:\/\/sauma.bio\/nov-apijson\/wp\/v2\/pages\/1656","targetHints":{"allow":["GET"]}}],"collection":[{"href":"https:\/\/sauma.bio\/nov-apijson\/wp\/v2\/pages"}],"about":[{"href":"https:\/\/sauma.bio\/nov-apijson\/wp\/v2\/types\/page"}],"author":[{"embeddable":true,"href":"https:\/\/sauma.bio\/nov-apijson\/wp\/v2\/users\/27"}],"replies":[{"embeddable":true,"href":"https:\/\/sauma.bio\/nov-apijson\/wp\/v2\/comments?post=1656"}],"version-history":[{"count":64,"href":"https:\/\/sauma.bio\/nov-apijson\/wp\/v2\/pages\/1656\/revisions"}],"predecessor-version":[{"id":4493,"href":"https:\/\/sauma.bio\/nov-apijson\/wp\/v2\/pages\/1656\/revisions\/4493"}],"wp:attachment":[{"href":"https:\/\/sauma.bio\/nov-apijson\/wp\/v2\/media?parent=1656"}],"curies":[{"name":"wp","href":"https:\/\/api.w.org\/{rel}","templated":true}]}}